{"id":571,"date":"2024-06-07T16:56:53","date_gmt":"2024-06-07T20:56:53","guid":{"rendered":"https:\/\/jgregstudio.com\/?page_id=571"},"modified":"2024-06-08T17:50:36","modified_gmt":"2024-06-08T21:50:36","slug":"privacy-policy","status":"publish","type":"page","link":"https:\/\/jgregstudio.com\/es\/privacy-policy\/","title":{"rendered":"Pol\u00edtica de Privacidad"},"content":{"rendered":"<p class=\"has-cyan-bluish-gray-color has-text-color has-link-color wp-elements-1050fb408bf7382eae8f720eefe72287\">El Titular le informa acerca de su Pol\u00edtica de Privacidad en relaci\u00f3n con el tratamiento y protecci\u00f3n de los datos de car\u00e1cter personal de los usuarios que puedan ser recabados por su navegaci\u00f3n a trav\u00e9s del Sitio Web: <a href=\"https:\/\/jgregstudio.com\/es\/\">https:\/\/jgregstudio.com<\/a>. En este sentido, el Titular cumple con el Reglamento (UE) 2016\/679 del Parlamento Europeo y del Consejo, de 27 de abril de 2016, relativo a la protecci\u00f3n de las personas f\u00edsicas (GDPR). El uso del sitio web implica la aceptaci\u00f3n de la presente Pol\u00edtica de Privacidad as\u00ed como de las condiciones incluidas en el Aviso Legal.<\/p>\n\n\n\n<h2 class=\"wp-block-heading has-cyan-bluish-gray-color has-text-color has-link-color wp-elements-2471a98335aa774ef8de9eac25fe0d2b\">Identidad del responsable<\/h2>\n\n\n\n<p class=\"has-cyan-bluish-gray-color has-text-color has-link-color wp-elements-bcc8f2017573f0cf8e75d29131b202d2\">Responsable: Jos\u00e9 Mej\u00eda.<br>Direcci\u00f3n: Pichincha - Ecuador.<br>Correo electr\u00f3nico: <a href=\"mailto:jose.mejia@jgregstudio.com\">jose.mejia@jgregstudio.com<\/a><br>Sitio web: <a href=\"https:\/\/jgregstudio.com\/es\/\">https:\/\/jgregstudio.com<\/a><\/p>\n\n\n\n<h2 class=\"wp-block-heading has-cyan-bluish-gray-color has-text-color has-link-color wp-elements-72ff21898a9ad64ef3112e4d6ea5a563\">Principios aplicados en el tratamiento de datos<\/h2>\n\n\n\n<p class=\"has-cyan-bluish-gray-color has-text-color has-link-color wp-elements-773bb879eb4d76b0fe5438f0552df250\">En el tratamiento de sus datos personales, el Titular aplicar\u00e1 los siguientes principios que cumplen con los requisitos del nuevo reglamento europeo de protecci\u00f3n de datos (RGPD):<\/p>\n\n\n\n<p class=\"has-cyan-bluish-gray-color has-text-color has-link-color wp-elements-e813cacaff383772d235b578bc604b75\"><strong>Principio de legalidad, equidad y transparencia:<\/strong> el Titular requerir\u00e1 siempre el consentimiento para el tratamiento de los datos personales que podr\u00e1 ser para uno o varios fines espec\u00edficos sobre los que el Titular informar\u00e1 previamente al Usuario con absoluta transparencia.<br><strong>Principio de minimizaci\u00f3n de datos:<\/strong> El Titular s\u00f3lo solicitar\u00e1 los datos estrictamente necesarios para el fin o fines para los que se requieran.<br><strong>Principio de limitaci\u00f3n del plazo de conservaci\u00f3n:<\/strong> El Responsable del Tratado conservar\u00e1 los datos personales recogidos durante el tiempo estrictamente necesario para la finalidad o finalidades del tratado. El Responsable del proceso informar\u00e1 al Usuario del plazo de conservaci\u00f3n correspondiente en funci\u00f3n de la finalidad. En el caso de suscripciones, el Responsable del Convenio revisar\u00e1 peri\u00f3dicamente las listas y eliminar\u00e1 aquellos registros inactivos durante un tiempo considerable.<br><strong>Principio de integridad y confidencialidad:<\/strong> Los datos personales recogidos ser\u00e1n tratados de forma que se garantice su seguridad, confidencialidad e integridad. El Titular toma las precauciones necesarias para evitar el acceso no autorizado o indebido de los datos de sus usuarios por parte de terceros.<br><\/p>\n\n\n\n<h2 class=\"wp-block-heading has-cyan-bluish-gray-color has-text-color has-link-color wp-elements-2bda975470b1754e5a007aee5adc6d78\">Obtenci\u00f3n de datos personales<\/h2>\n\n\n\n<p class=\"has-cyan-bluish-gray-color has-text-color has-link-color wp-elements-dad2af574c6c91381784671c4d1a64ac\">Para navegar por el sitio Web no es necesario facilitar ning\u00fan dato personal. Los casos en los que s\u00ed es necesario facilitar datos personales son los siguientes: Al llenar los datos de un formulario de suscripci\u00f3n o bolet\u00edn que el Titular gestiona con Active Campaign.<\/p>\n\n\n\n<h2 class=\"wp-block-heading has-cyan-bluish-gray-color has-text-color has-link-color wp-elements-28cc98ce179302766b00c80731a33d61\">Derechos<\/h2>\n\n\n\n<p class=\"has-cyan-bluish-gray-color has-text-color has-link-color wp-elements-b2a23dd07cd8307b9c860b5c2541de8e\">El Responsable del Convenio le informa sobre los derechos que tienen sus datos personales:<\/p>\n\n\n\n<p class=\"has-cyan-bluish-gray-color has-text-color has-link-color wp-elements-cdfab4f4541f68455631fd6b1e957395\">Solicitar acceso a los datos almacenados.<br>Solicitar la rectificaci\u00f3n o supresi\u00f3n.<br>Solicitar la limitaci\u00f3n de su procesamiento.<br>Oponerse al procesamiento.<br>Solicitar la portabilidad de sus datos.<br>El ejercicio de estos derechos es personal y por tanto debe ser ejercitado directamente por el interesado, solicit\u00e1ndolo directamente al Responsable del Tratado, lo que significa que cualquier cliente, suscriptor o colaborador que haya facilitado sus datos en cualquier momento, puede dirigirse al Responsable del Tratado y solicitar informaci\u00f3n sobre los datos almacenados y la forma en que han sido obtenidos, solicitar la rectificaci\u00f3n de los mismos, solicitar la portabilidad de sus datos personales, oponerse al tratado, limitar su uso o solicitar la supresi\u00f3n de dichos datos de los ficheros del Responsable del Tratado.<\/p>\n\n\n\n<p class=\"has-cyan-bluish-gray-color has-text-color has-link-color wp-elements-92fcc3b5b3e35beac4435e8342d165b2\">Para ejercer sus derechos debe enviar su solicitud junto con una fotocopia de su Documento Nacional de Identidad o equivalente, a la siguiente direcci\u00f3n de correo electr\u00f3nico: <a href=\"mailto:jose.mejia@jgregstudio.com\">jose.mejia@jgregstudio.com<\/a>.<\/p>\n\n\n\n<p class=\"has-cyan-bluish-gray-color has-text-color has-link-color wp-elements-c51e51070ba397a637442c57c9d75bbf\">El ejercicio de estos derechos no incluye los datos que el Titular est\u00e9 obligado a conservar por motivos administrativos, legales o de seguridad. Usted tiene derecho a la tutela judicial efectiva y a presentar un reclamo ante la autoridad de control, en este caso, la Agencia Espa\u00f1ola de Protecci\u00f3n de Datos, si considera que el tratado de los datos personales que le conciernen infringe el Reglamento.<\/p>\n\n\n\n<h2 class=\"wp-block-heading has-cyan-bluish-gray-color has-text-color has-link-color wp-elements-fcf4846e43e58df182ea66163e932448\">Finalidad del procesamiento de datos personales<\/h2>\n\n\n\n<p class=\"has-cyan-bluish-gray-color has-text-color has-link-color wp-elements-cef986856573dc1fbb16054fa5c977c3\">Cuando usted se conecta al Sitio Web para enviar un correo electr\u00f3nico al Propietario, suscribirse a su bolet\u00edn de noticias, est\u00e1 proporcionando informaci\u00f3n personal de la que es responsable el Propietario. Esta informaci\u00f3n puede incluir datos personales como su direcci\u00f3n IP, nombre y apellidos, direcci\u00f3n f\u00edsica, direcci\u00f3n de correo electr\u00f3nico, n\u00famero de tel\u00e9fono y otra informaci\u00f3n. Al proporcionar esta informaci\u00f3n, usted da su consentimiento para que su informaci\u00f3n sea recopilada, utilizada, gestionada y almacenada por - hostinger.com - s\u00f3lo como se describe en las p\u00e1ginas:<\/p>\n\n\n\n<h2 class=\"wp-block-heading has-cyan-bluish-gray-color has-text-color has-link-color wp-elements-bbcc60264ec86d1c84f4d3d222e746e1\">Pol\u00edtica de Privacidad<\/h2>\n\n\n\n<p class=\"has-cyan-bluish-gray-color has-text-color has-link-color wp-elements-bfe5336c0cd69501b60ad998a81f0a1d\">Los datos personales y la finalidad del procesamiento por parte del Titular son diferentes en funci\u00f3n del sistema de captura de informaci\u00f3n:<\/p>\n\n\n\n<p class=\"has-cyan-bluish-gray-color has-text-color has-link-color wp-elements-e6d5e69c7bb87f94dd45218d59b23615\"><strong>Formularios de suscripci\u00f3n a contenidos<\/strong>: El Titular solicita los siguientes datos personales: nombre y apellidos, direcci\u00f3n de correo electr\u00f3nico, n\u00famero de tel\u00e9fono y direcci\u00f3n del sitio web para gestionar la lista de suscriptores, enviar boletines, promociones y ofertas especiales. Los datos personales facilitados al Responsable del Tratamiento estar\u00e1n ubicados en los servidores de ActiveCampaign, LLC (\u00abActiveCamapign\u00bb), con domicilio en EE.UU.. Existen otros fines para los que el Responsable del Tratamiento trata los datos personales:<\/p>\n\n\n\n<p class=\"has-cyan-bluish-gray-color has-text-color has-link-color wp-elements-90de2ac4166ba039cb16dd2ee7ca2c41\">Garantizar el cumplimiento de las condiciones establecidas en la p\u00e1gina de Aviso Legal y la legislaci\u00f3n aplicable. Esto puede incluir el desarrollo de herramientas y algoritmos para ayudar al Sitio Web a garantizar la confidencialidad de los datos personales que recopila.<br>Para apoyar y mejorar los servicios ofrecidos por este sitio web.<br>Gestionar las redes sociales. El Titular tiene presencia en redes sociales. Si usted se hace seguidor en las redes sociales del Titular el procesamiento de sus datos de car\u00e1cter personal se regir\u00e1 por este apartado, as\u00ed como por aquellas condiciones de uso, pol\u00edticas de privacidad y normativas de acceso que pertenezcan a la red social que proceda en cada caso y aceptadas previamente por usted.<br>Puede consultar las pol\u00edticas de privacidad de las principales redes sociales en estos enlaces:<\/p>\n\n\n\n<p class=\"has-cyan-bluish-gray-color has-text-color has-link-color wp-elements-a8116a34d7c10c23fab66afa96de6add\"><a href=\"http:\/\/Facebook.com\">Facebook.com<\/a><br><a href=\"http:\/\/Twitter.com\">x.com<\/a><br><a href=\"http:\/\/Linkedin.com\">Linkedin.com<\/a><br><a href=\"http:\/\/YouTube.com\">YouTube.com<\/a><br><a href=\"http:\/\/Instagram.com\">Instagram.com<\/a><br>El Titular procesar\u00e1 sus datos personales con las finalidades de administrar correctamente su presencia en la red social, informarle de sus actividades, as\u00ed como para cualquier otra finalidad que las normativas de las redes sociales permitan. En ning\u00fan caso el Titular utilizar\u00e1 los perfiles de los seguidores en las redes sociales para remitir publicidad de forma individualizada.<\/p>\n\n\n\n<h2 class=\"wp-block-heading has-cyan-bluish-gray-color has-text-color has-link-color wp-elements-354f8282a77e9f0d40423c719f5b23a9\">Seguridad de los datos personales<\/h2>\n\n\n\n<p class=\"has-cyan-bluish-gray-color has-text-color has-link-color wp-elements-78553037e1e9192ff27589dc38a2e1e0\">Para proteger sus datos personales, el Titular toma todas las precauciones razonables y sigue las mejores pr\u00e1cticas del sector para evitar su p\u00e9rdida, mal uso, acceso indebido, divulgaci\u00f3n, alteraci\u00f3n o destrucci\u00f3n. El sitio Web est\u00e1 alojado en: hostinger.com. La seguridad de los datos est\u00e1 garantizada, ya que toman todas las medidas de seguridad necesarias para ello. Puede consultar su pol\u00edtica de privacidad para m\u00e1s informaci\u00f3n.<\/p>\n\n\n\n<p class=\"has-cyan-bluish-gray-color has-text-color has-link-color wp-elements-16218206cfa1f3199afeecc05d1eebaf\">El Titular informa al Usuario de que sus datos personales no ser\u00e1n cedidos a terceras organizaciones, con la salvedad de que dicha cesi\u00f3n de datos este amparada en una obligaci\u00f3n legal o cuando la prestaci\u00f3n de un servicio implique la necesidad de una relaci\u00f3n contractual con un encargado del procesamiento. En este \u00faltimo caso, solo se llevar\u00e1 a cabo la cesi\u00f3n de datos al tercero cuando el Titular disponga del consentimiento expreso del Usuario.<\/p>\n\n\n\n<p class=\"has-cyan-bluish-gray-color has-text-color has-link-color wp-elements-78042a9c6ffa12e512f83e798820d57b\">No obstante, en algunos casos, se podr\u00e1n realizar colaboraciones con otros profesionales; en estos casos, se requerir\u00e1 el consentimiento del Usuario, informando sobre la identidad del colaborador y la finalidad de la colaboraci\u00f3n. Todo ello se realizar\u00e1 siempre con los m\u00e1s estrictos est\u00e1ndares de seguridad.<\/p>\n\n\n\n<h2 class=\"wp-block-heading has-cyan-bluish-gray-color has-text-color has-link-color wp-elements-85f5735ba1d5dfda7c0b0cc62e787341\">Contenido de otros sitios web<\/h2>\n\n\n\n<p class=\"has-cyan-bluish-gray-color has-text-color has-link-color wp-elements-997199a102cdf06c95a4e717aaa7a144\">Las p\u00e1ginas de este sitio web pueden incluir contenidos incrustados (por ejemplo, v\u00eddeos, im\u00e1genes, art\u00edculos, etc.). El contenido incrustado de otros sitios web se comporta exactamente igual que si usted hubiera visitado el otro sitio web. Estos sitios web pueden recopilar datos sobre usted, utilizar cookies, incrustar c\u00f3digo de seguimiento adicional de terceros y supervisar su interacci\u00f3n utilizando este c\u00f3digo.<\/p>\n\n\n\n<h2 class=\"wp-block-heading has-cyan-bluish-gray-color has-text-color has-link-color wp-elements-6829ea013d19c3ebf1c4bc814a1e8cb1\">Pol\u00edtica de Cookies<\/h2>\n\n\n\n<p class=\"has-cyan-bluish-gray-color has-text-color has-link-color wp-elements-0ccf4ecef4228ac8b94b81c6db053c67\">Para que este sitio web funcione correctamente, necesita utilizar cookies, que es informaci\u00f3n que se almacena en su navegador web.<\/p>\n\n\n\n<h2 class=\"wp-block-heading has-cyan-bluish-gray-color has-text-color has-link-color wp-elements-928f2e8b1d00c3ebd4127bf84ea104e9\">Legitimaci\u00f3n para el procesamiento de datos<\/h2>\n\n\n\n<p class=\"has-cyan-bluish-gray-color has-text-color has-link-color wp-elements-73f1c8cb25010b8c34a75ba205590082\">La base jur\u00eddica para el tratamiento de sus datos es:<\/p>\n\n\n\n<p class=\"has-cyan-bluish-gray-color has-text-color has-link-color wp-elements-60d201d22087fd46fd65b0876613aa90\">El consentimiento del interesado.<br>Categor\u00edas de datos personales<br>Las categor\u00edas de datos personales procesadas por el Responsable del Tratado son:                                         <\/p>\n\n\n\n<p class=\"has-cyan-bluish-gray-color has-text-color has-link-color wp-elements-277c3c83380b9770246be8484cd8b439\">Datos de identificaci\u00f3n.<br>No se procesan categor\u00edas de datos especialmente protegidas.<br>Conservaci\u00f3n de datos personales<br>Los datos personales facilitados al Responsable del Tratado se conservar\u00e1n hasta que usted solicite su supresi\u00f3n.<\/p>\n\n\n\n<h2 class=\"wp-block-heading has-cyan-bluish-gray-color has-text-color has-link-color wp-elements-4a87f9f1c54aebb49c905a649d4f8bc8\">Destinatarios de los datos personales<\/h2>\n\n\n\n<p class=\"has-cyan-bluish-gray-color has-text-color has-link-color wp-elements-e5498842af3ee119ebdff7d40f037a3c\">ActiveCampaign ActiveCampaign, LLC (\u00abActiveCampaign\u00bb), con domicilio en EE.UU.. M\u00e1s informaci\u00f3n en: <a href=\"https:\/\/activecampaign.com\">https:\/\/activecampaign.com<\/a><br>ActiveCampaign, LLC procesa los datos con el fin de prestar sus servicios de marketing por correo electr\u00f3nico al Titular de los datos. Google Analytics es un servicio anal\u00edtico de web prestado por Google, Inc. una compa\u00f1\u00eda de Delaware con domicilio social en 1600 Amphitheatre Parkway, Mountain View (California), CA 94043, Estados Unidos (\u00abGoogle\u00bb). Google Analytics utiliza \u00abcookies\u00bb, que son archivos de texto ubicados en su ordenador, para ayudar al Propietario a analizar el uso que hacen los Usuarios del Sitio Web. La informaci\u00f3n que genera la cookie acerca de su uso del website (incluyendo su direcci\u00f3n IP) ser\u00e1 directamente transmitida y archivada por Google en los servidores de Estados Unidos.<\/p>\n\n\n\n<p class=\"has-cyan-bluish-gray-color has-text-color has-link-color wp-elements-599a5944287de168592391a8d030624b\">M\u00e1s informaci\u00f3n en: <a href=\"https:\/\/analytics.google.com\">https:\/\/analytics.google.com<\/a><br>Google AdSense es un conjunto de servicios publicitarios proporcionados por Google, Inc. una compa\u00f1\u00eda de Delaware con sede en 1600 Amphitheatre Parkway, Mountain View (California), CA 94043, Estados Unidos (\u00abGoogle\u00bb). AdSense utiliza cookies para mejorar la publicidad, orientar la publicidad en funci\u00f3n del contenido relevante para los usuarios y mejorar los informes de rendimiento de las campa\u00f1as.M\u00e1s informaci\u00f3n en: <a href=\"https:\/\/www.google.com\/adsense\">https:\/\/www.google.com\/adsense<\/a><br>Puede consultar c\u00f3mo gestiona Google la privacidad en relaci\u00f3n con el uso de cookies y otra informaci\u00f3n en la p\u00e1gina de Pol\u00edtica de privacidad de Google: <a href=\"https:\/\/policies.google.com\/privacy?hl=es\">https:\/\/policies.google.com\/privacy?hl=es<\/a>.<\/p>\n\n\n\n<p class=\"has-cyan-bluish-gray-color has-text-color has-link-color wp-elements-6938ed8f352f170e3ac502d0087afcff\">Tambi\u00e9n puede consultar una lista de los tipos de cookies que utilizan Google y sus socios, as\u00ed como toda la informaci\u00f3n relativa al uso que hacen de las cookies publicitarias, en:<\/p>\n\n\n\n<p class=\"has-cyan-bluish-gray-color has-text-color has-link-color wp-elements-65d4d2c32659d20e7780a2dc75cd9926\">Tipos de cookies utilizadas por Google<br>C\u00f3mo utiliza Google las cookies publicitarias.<br>Navegaci\u00f3n por Internet<br>Al navegar por el sitio web pueden recopilarse datos no identificativos, como la direcci\u00f3n IP, la geolocalizaci\u00f3n, un registro de c\u00f3mo se utilizan los servicios y sitios, los h\u00e1bitos de navegaci\u00f3n y otros datos que no pueden utilizarse para identificarle.<\/p>\n\n\n\n<h2 class=\"wp-block-heading has-cyan-bluish-gray-color has-text-color has-link-color wp-elements-0d34c49836b1e3a27c9a2a3ff31f17c6\">El sitio web utiliza los siguientes servicios anal\u00edticos de terceros:<\/h2>\n\n\n\n<p class=\"has-cyan-bluish-gray-color has-text-color has-link-color wp-elements-0015393ea3a818ecd583c794e1ed2d54\">Google Analytics.<br>Google AdSense.<br>El Titular utiliza la informaci\u00f3n obtenida para obtener datos estad\u00edsticos, analizar tendencias, administrar el sitio, estudiar patrones de navegaci\u00f3n y recopilar informaci\u00f3n demogr\u00e1fica.<\/p>\n\n\n\n<p class=\"has-cyan-bluish-gray-color has-text-color has-link-color wp-elements-5ada5fa2579a92af3330318f03edc0ec\">El Titular no se hace responsable del procesamiento de datos personales por parte de sitios web a los que se pueda acceder a trav\u00e9s de los distintos enlaces contenidos en el Sitio web.<\/p>\n\n\n\n<h2 class=\"wp-block-heading has-cyan-bluish-gray-color has-text-color has-link-color wp-elements-c81fab856d5d3b3544965067749caeb7\">Exactitud y veracidad de los datos personales<\/h2>\n\n\n\n<p class=\"has-cyan-bluish-gray-color has-text-color has-link-color wp-elements-434598f28c50488ab4c9d5360e501d68\">Usted se compromete a que los datos facilitados al Titular sean correctos, completos, exactos y actuales, as\u00ed como a mantenerlos debidamente actualizados. Como Usuario del Sitio Web, usted es el \u00fanico responsable de la veracidad y correcci\u00f3n de los datos remitidos al Sitio Web, exonerando al Titular de cualquier responsabilidad al respecto.<\/p>\n\n\n\n<h2 class=\"wp-block-heading has-cyan-bluish-gray-color has-text-color has-link-color wp-elements-1a9e03c980a642e905bf8e696cf087f7\">Aceptaci\u00f3n y consentimiento<\/h2>\n\n\n\n<p class=\"has-cyan-bluish-gray-color has-text-color has-link-color wp-elements-5159f9ac802bd82883928d4065c95e38\">Como Usuario del Sitio Web declara haber sido informado de las condiciones sobre protecci\u00f3n de datos de car\u00e1cter personal, aceptando y consintiendo el tratamiento de los mismos por parte del Titular en la forma y para las finalidades indicadas en esta Pol\u00edtica de Privacidad. Para contactar con el Titular, suscribirse a un bolet\u00edn de noticias o realizar comentarios en este Sitio Web es necesario aceptar la presente Pol\u00edtica de Privacidad.<\/p>\n\n\n\n<h2 class=\"wp-block-heading has-cyan-bluish-gray-color has-text-color has-link-color wp-elements-1140a2ebc2dc7027a892c10f8a32d0ae\">Cambios en la pol\u00edtica de privacidad<\/h2>\n\n\n\n<p class=\"has-cyan-bluish-gray-color has-text-color has-link-color wp-elements-8f471daf37fbba59904596a837fbdea5\">El Titular se reserva el derecho a modificar la presente Pol\u00edtica de Privacidad para adaptarla a novedades legislativas o jurisprudenciales, as\u00ed como a pr\u00e1cticas de la industria. Dichas pol\u00edticas permanecer\u00e1n vigentes hasta que sean modificadas por otras debidamente publicadas.<\/p>","protected":false},"excerpt":{"rendered":"<p>The Holder informs you about its Privacy Policy regarding the processing and protection of personal data of users that may be collected while browsing through the Website: https:\/\/jgregstudio.com. In this regard, the Holder complies with Regulation (EU) 2016\/679 of the European Parliament and of the Council of 27 April 2016 on the protection of natural [&hellip;]<\/p>","protected":false},"author":1,"featured_media":0,"parent":0,"menu_order":0,"comment_status":"closed","ping_status":"closed","template":"","meta":{"_uag_custom_page_level_css":"","pgc_sgb_lightbox_settings":"","footnotes":""},"class_list":["post-571","page","type-page","status-publish","hentry"],"yoast_head":"<!-- This site is optimized with the Yoast SEO plugin v25.3.1 - https:\/\/yoast.com\/wordpress\/plugins\/seo\/ -->\n<title>Privacy Policy Photographer Jose Mejia<\/title>\n<meta name=\"robots\" content=\"index, follow, max-snippet:-1, max-image-preview:large, max-video-preview:-1\" \/>\n<link rel=\"canonical\" href=\"https:\/\/jgregstudio.com\/es\/privacy-policy\/\" \/>\n<meta property=\"og:locale\" content=\"es_ES\" \/>\n<meta property=\"og:type\" content=\"article\" \/>\n<meta property=\"og:title\" content=\"Privacy Policy Photographer Jose Mejia\" \/>\n<meta property=\"og:description\" content=\"The Holder informs you about its Privacy Policy regarding the processing and protection of personal data of users that may be collected while browsing through the Website: https:\/\/jgregstudio.com. In this regard, the Holder complies with Regulation (EU) 2016\/679 of the European Parliament and of the Council of 27 April 2016 on the protection of natural [&hellip;]\" \/>\n<meta property=\"og:url\" content=\"https:\/\/jgregstudio.com\/es\/privacy-policy\/\" \/>\n<meta property=\"og:site_name\" content=\"Photographer Jose Mejia\" \/>\n<meta property=\"article:modified_time\" content=\"2024-06-08T21:50:36+00:00\" \/>\n<meta property=\"og:image\" content=\"https:\/\/jgregstudio.com\/wp-content\/uploads\/2024\/06\/Jetour-1-scaled.jpg\" \/>\n\t<meta property=\"og:image:width\" content=\"2560\" \/>\n\t<meta property=\"og:image:height\" content=\"1709\" \/>\n\t<meta property=\"og:image:type\" content=\"image\/jpeg\" \/>\n<meta name=\"twitter:card\" content=\"summary_large_image\" \/>\n<meta name=\"twitter:label1\" content=\"Tiempo de lectura\" \/>\n\t<meta name=\"twitter:data1\" content=\"9 minutos\" \/>\n<script type=\"application\/ld+json\" class=\"yoast-schema-graph\">{\"@context\":\"https:\/\/schema.org\",\"@graph\":[{\"@type\":\"WebPage\",\"@id\":\"https:\/\/jgregstudio.com\/privacy-policy\/\",\"url\":\"https:\/\/jgregstudio.com\/privacy-policy\/\",\"name\":\"Privacy Policy Photographer Jose Mejia\",\"isPartOf\":{\"@id\":\"https:\/\/jgregstudio.com\/#website\"},\"datePublished\":\"2024-06-07T20:56:53+00:00\",\"dateModified\":\"2024-06-08T21:50:36+00:00\",\"breadcrumb\":{\"@id\":\"https:\/\/jgregstudio.com\/privacy-policy\/#breadcrumb\"},\"inLanguage\":\"es\",\"potentialAction\":[{\"@type\":\"ReadAction\",\"target\":[\"https:\/\/jgregstudio.com\/privacy-policy\/\"]}]},{\"@type\":\"BreadcrumbList\",\"@id\":\"https:\/\/jgregstudio.com\/privacy-policy\/#breadcrumb\",\"itemListElement\":[{\"@type\":\"ListItem\",\"position\":1,\"name\":\"Home\",\"item\":\"https:\/\/jgregstudio.com\/\"},{\"@type\":\"ListItem\",\"position\":2,\"name\":\"Privacy Policy\"}]},{\"@type\":\"WebSite\",\"@id\":\"https:\/\/jgregstudio.com\/#website\",\"url\":\"https:\/\/jgregstudio.com\/\",\"name\":\"Photographer Jose Mejia\",\"description\":\"Photographer Jose Mejia\",\"publisher\":{\"@id\":\"https:\/\/jgregstudio.com\/#\/schema\/person\/ad99edabfe4e13c5ba55e6b517dc6ed6\"},\"alternateName\":\"Photographer Jose Mejia\",\"potentialAction\":[{\"@type\":\"SearchAction\",\"target\":{\"@type\":\"EntryPoint\",\"urlTemplate\":\"https:\/\/jgregstudio.com\/?s={search_term_string}\"},\"query-input\":{\"@type\":\"PropertyValueSpecification\",\"valueRequired\":true,\"valueName\":\"search_term_string\"}}],\"inLanguage\":\"es\"},{\"@type\":[\"Person\",\"Organization\"],\"@id\":\"https:\/\/jgregstudio.com\/#\/schema\/person\/ad99edabfe4e13c5ba55e6b517dc6ed6\",\"name\":\"jgregstudio.com\",\"image\":{\"@type\":\"ImageObject\",\"inLanguage\":\"es\",\"@id\":\"https:\/\/jgregstudio.com\/#\/schema\/person\/image\/\",\"url\":\"https:\/\/jgregstudio.com\/wp-content\/uploads\/2024\/06\/apple-touch-icon-1.png\",\"contentUrl\":\"https:\/\/jgregstudio.com\/wp-content\/uploads\/2024\/06\/apple-touch-icon-1.png\",\"width\":180,\"height\":180,\"caption\":\"jgregstudio.com\"},\"logo\":{\"@id\":\"https:\/\/jgregstudio.com\/#\/schema\/person\/image\/\"},\"sameAs\":[\"https:\/\/jgregstudio.com\",\"https:\/\/www.instagram.com\/jgregph\/\"]}]}<\/script>\n<!-- \/ Yoast SEO plugin. -->","yoast_head_json":{"title":"Privacy Policy Photographer Jose Mejia","robots":{"index":"index","follow":"follow","max-snippet":"max-snippet:-1","max-image-preview":"max-image-preview:large","max-video-preview":"max-video-preview:-1"},"canonical":"https:\/\/jgregstudio.com\/es\/privacy-policy\/","og_locale":"es_ES","og_type":"article","og_title":"Privacy Policy Photographer Jose Mejia","og_description":"The Holder informs you about its Privacy Policy regarding the processing and protection of personal data of users that may be collected while browsing through the Website: https:\/\/jgregstudio.com. In this regard, the Holder complies with Regulation (EU) 2016\/679 of the European Parliament and of the Council of 27 April 2016 on the protection of natural [&hellip;]","og_url":"https:\/\/jgregstudio.com\/es\/privacy-policy\/","og_site_name":"Photographer Jose Mejia","article_modified_time":"2024-06-08T21:50:36+00:00","og_image":[{"width":2560,"height":1709,"url":"https:\/\/jgregstudio.com\/wp-content\/uploads\/2024\/06\/Jetour-1-scaled.jpg","type":"image\/jpeg"}],"twitter_card":"summary_large_image","twitter_misc":{"Tiempo de lectura":"9 minutos"},"schema":{"@context":"https:\/\/schema.org","@graph":[{"@type":"WebPage","@id":"https:\/\/jgregstudio.com\/privacy-policy\/","url":"https:\/\/jgregstudio.com\/privacy-policy\/","name":"Privacy Policy Photographer Jose Mejia","isPartOf":{"@id":"https:\/\/jgregstudio.com\/#website"},"datePublished":"2024-06-07T20:56:53+00:00","dateModified":"2024-06-08T21:50:36+00:00","breadcrumb":{"@id":"https:\/\/jgregstudio.com\/privacy-policy\/#breadcrumb"},"inLanguage":"es","potentialAction":[{"@type":"ReadAction","target":["https:\/\/jgregstudio.com\/privacy-policy\/"]}]},{"@type":"BreadcrumbList","@id":"https:\/\/jgregstudio.com\/privacy-policy\/#breadcrumb","itemListElement":[{"@type":"ListItem","position":1,"name":"Home","item":"https:\/\/jgregstudio.com\/"},{"@type":"ListItem","position":2,"name":"Privacy Policy"}]},{"@type":"WebSite","@id":"https:\/\/jgregstudio.com\/#website","url":"https:\/\/jgregstudio.com\/","name":"Photographer Jose Mejia","description":"Photographer Jose Mejia","publisher":{"@id":"https:\/\/jgregstudio.com\/#\/schema\/person\/ad99edabfe4e13c5ba55e6b517dc6ed6"},"alternateName":"Photographer Jose Mejia","potentialAction":[{"@type":"SearchAction","target":{"@type":"EntryPoint","urlTemplate":"https:\/\/jgregstudio.com\/?s={search_term_string}"},"query-input":{"@type":"PropertyValueSpecification","valueRequired":true,"valueName":"search_term_string"}}],"inLanguage":"es"},{"@type":["Person","Organization"],"@id":"https:\/\/jgregstudio.com\/#\/schema\/person\/ad99edabfe4e13c5ba55e6b517dc6ed6","name":"jgregstudio.com","image":{"@type":"ImageObject","inLanguage":"es","@id":"https:\/\/jgregstudio.com\/#\/schema\/person\/image\/","url":"https:\/\/jgregstudio.com\/wp-content\/uploads\/2024\/06\/apple-touch-icon-1.png","contentUrl":"https:\/\/jgregstudio.com\/wp-content\/uploads\/2024\/06\/apple-touch-icon-1.png","width":180,"height":180,"caption":"jgregstudio.com"},"logo":{"@id":"https:\/\/jgregstudio.com\/#\/schema\/person\/image\/"},"sameAs":["https:\/\/jgregstudio.com","https:\/\/www.instagram.com\/jgregph\/"]}]}},"uagb_featured_image_src":{"full":false,"thumbnail":false,"medium":false,"medium_large":false,"large":false,"1536x1536":false,"2048x2048":false,"trp-custom-language-flag":false,"post-thumbnail":false,"coffeebean_portfolio-main":false,"coffeebean_portfolio-masonry":false,"coffeebean_portfolio-footer":false},"uagb_author_info":{"display_name":"jgregstudio.com","author_link":"https:\/\/jgregstudio.com\/es\/author\/jgregstudio-com\/"},"uagb_comment_info":0,"uagb_excerpt":"The Holder informs you about its Privacy Policy regarding the processing and protection of personal data of users that may be collected while browsing through the Website: https:\/\/jgregstudio.com. In this regard, the Holder complies with Regulation (EU) 2016\/679 of the European Parliament and of the Council of 27 April 2016 on the protection of natural&hellip;","_links":{"self":[{"href":"https:\/\/jgregstudio.com\/es\/wp-json\/wp\/v2\/pages\/571","targetHints":{"allow":["GET"]}}],"collection":[{"href":"https:\/\/jgregstudio.com\/es\/wp-json\/wp\/v2\/pages"}],"about":[{"href":"https:\/\/jgregstudio.com\/es\/wp-json\/wp\/v2\/types\/page"}],"author":[{"embeddable":true,"href":"https:\/\/jgregstudio.com\/es\/wp-json\/wp\/v2\/users\/1"}],"replies":[{"embeddable":true,"href":"https:\/\/jgregstudio.com\/es\/wp-json\/wp\/v2\/comments?post=571"}],"version-history":[{"count":9,"href":"https:\/\/jgregstudio.com\/es\/wp-json\/wp\/v2\/pages\/571\/revisions"}],"predecessor-version":[{"id":617,"href":"https:\/\/jgregstudio.com\/es\/wp-json\/wp\/v2\/pages\/571\/revisions\/617"}],"wp:attachment":[{"href":"https:\/\/jgregstudio.com\/es\/wp-json\/wp\/v2\/media?parent=571"}],"curies":[{"name":"wp","href":"https:\/\/api.w.org\/{rel}","templated":true}]}}