{"id":1080,"date":"2024-06-11T10:25:06","date_gmt":"2024-06-11T14:25:06","guid":{"rendered":"https:\/\/jgregstudio.com\/?post_type=portfolio&#038;p=1080"},"modified":"2024-06-13T09:54:38","modified_gmt":"2024-06-13T13:54:38","slug":"womens-day","status":"publish","type":"portfolio","link":"https:\/\/jgregstudio.com\/es\/portfolio\/womens-day\/","title":{"rendered":"D\u00eda de la Mujer"},"content":{"rendered":"<p class=\"has-text-align-left has-cyan-bluish-gray-color has-text-color has-link-color wp-elements-24f135fca327c3b0db585986cac0feda\">Detr\u00e1s de mi lente: Un homenaje a la fuerza, la belleza y la diversidad en una sesi\u00f3n de fotos por el D\u00eda de la Mujer, Las fotograf\u00edas que celebran el D\u00eda Internacional de la Mujer no solo son im\u00e1genes bonitas; son obras de arte que rinden homenaje a la valent\u00eda, la perseverancia y el potencial que tiene cada mujer para transformar el mundo. Detr\u00e1s de cada imagen hay un fot\u00f3grafo que ha dedicado tiempo, talento y pasi\u00f3n para capturar la esencia de la mujer, transform\u00e1ndola en un s\u00edmbolo de esperanza, inspiraci\u00f3n y cambio.<\/p>\n\n\n\n<p class=\"has-cyan-bluish-gray-color has-text-color has-link-color wp-elements-6c5da5ad5c0c7d23114e2fd94063cc6c\"><\/p>\n\n\n<div class=\"pgc-sgb-cb wp-block-pgcsimplygalleryblock-grid\" data-gallery-id=\"7da99628\"><div class=\"sgb-preloader\" id=\"pr_7da99628\">\n\t<div class=\"sgb-square\" style=\"background:#d4d4d4\"><\/div>\n\t<div class=\"sgb-square\" style=\"background:#d4d4d4\"><\/div>\n\t<div class=\"sgb-square\" style=\"background:#d4d4d4\"><\/div>\n\t<div class=\"sgb-square\" style=\"background:#d4d4d4\"><\/div><\/div><div class=\"simply-gallery-amp pgc_sgb_slider\" style=\"display: none;\"><div class=\"sgb-gallery\"><div class=\"sgb-item\"><a href=\"https:\/\/jgregstudio.com\/es\/womens-day-1\/\" target=\"_blank\"><img decoding=\"async\" alt=\"\" width=\"300\" height=\"200\" loading=\"lazy\" src=\"https:\/\/jgregstudio.com\/wp-content\/uploads\/2024\/06\/Womens-Day-1-300x200.jpg\" srcset=\"https:\/\/jgregstudio.com\/wp-content\/uploads\/2024\/06\/Womens-Day-1-300x200.jpg 300w,https:\/\/jgregstudio.com\/wp-content\/uploads\/2024\/06\/Womens-Day-1-1024x683.jpg 1024w,https:\/\/jgregstudio.com\/wp-content\/uploads\/2024\/06\/Womens-Day-1-scaled.jpg 2560w\" sizes=\"auto, 250px\"\/><\/a><\/div><\/div><\/div><script type=\"application\/json\" class=\"sgb-data\">{\"collectionColumns\":5,\"thumbSpacing\":0,\"collectionThumbSubMenuDownload\":false,\"galleryType\":\"pgc_sgb_grid\",\"galleryId\":\"7da99628\",\"images\":[{\"id\":870,\"title\":\"Women's Day - 1\",\"url\":\"https:\/\/jgregstudio.com\/wp-content\/uploads\/2024\/06\/Womens-Day-1-scaled.jpg\",\"link\":\"https:\/\/jgregstudio.com\/womens-day-1\/\",\"alt\":\"\",\"description\":\"\",\"caption\":\"\",\"mime\":\"image\/jpeg\",\"type\":\"image\",\"width\":2560,\"height\":1707,\"sizes\":{\"thumbnail\":{\"height\":150,\"width\":150,\"url\":\"https:\/\/jgregstudio.com\/wp-content\/uploads\/2024\/06\/Womens-Day-1-150x150.jpg\",\"orientation\":\"landscape\"},\"medium\":{\"height\":200,\"width\":300,\"url\":\"https:\/\/jgregstudio.com\/wp-content\/uploads\/2024\/06\/Womens-Day-1-300x200.jpg\",\"orientation\":\"landscape\"},\"large\":{\"height\":683,\"width\":1024,\"url\":\"https:\/\/jgregstudio.com\/wp-content\/uploads\/2024\/06\/Womens-Day-1-1024x683.jpg\",\"orientation\":\"landscape\"},\"full\":{\"url\":\"https:\/\/jgregstudio.com\/wp-content\/uploads\/2024\/06\/Womens-Day-1-scaled.jpg\",\"height\":1707,\"width\":2560,\"orientation\":\"landscape\"}},\"imageMeta\":{\"aperture\":\"0\",\"credit\":\"\",\"camera\":\"\",\"caption\":\"\",\"created_timestamp\":\"0\",\"copyright\":\"\",\"focal_length\":\"0\",\"iso\":\"0\",\"shutter_speed\":\"0\",\"title\":\"\",\"orientation\":\"0\",\"keywords\":[]},\"meta\":false,\"postlink\":\"https:\/\/jgregstudio.com\/womens-day-1\/\"}],\"sliderItemDownload\":false,\"TrpContentRestriction\":{\"restriction_type\":\"exclude\",\"selected_languages\":[],\"panel_open\":true},\"itemsMetaDataCollection\":[]}<\/script><script>(function(){if(window.PGC_SGB && window.PGC_SGB.searcher){window.PGC_SGB.searcher.initBlocks()}})()<\/script><\/div>","protected":false},"excerpt":{"rendered":"<p>Behind my lens: A tribute to strength, beauty and diversity in a photo shoot for Women&#8217;s Day, The photographs celebrating International Women&#8217;s Day are not only beautiful images; they are works of art that pay tribute to the courage, perseverance and potential each woman has to transform the world. Behind each image is a photographer [&hellip;]<\/p>","protected":false},"featured_media":870,"template":"","filters":[8],"class_list":["post-1080","portfolio","type-portfolio","status-publish","has-post-thumbnail","hentry","filters-publicity","has-thumbnail"],"yoast_head":"<!-- This site is optimized with the Yoast SEO plugin v25.3.1 - https:\/\/yoast.com\/wordpress\/plugins\/seo\/ -->\n<title>Women&#039;s Day Photographer Jose Mejia<\/title>\n<meta name=\"description\" content=\"Behind my lens: A tribute to strength, beauty and diversity in a photo shoot for Women&#039;s Day, The photographs celebrating International Wom..\" \/>\n<meta name=\"robots\" content=\"index, follow, max-snippet:-1, max-image-preview:large, max-video-preview:-1\" \/>\n<link rel=\"canonical\" href=\"https:\/\/jgregstudio.com\/es\/portfolio\/womens-day\/\" \/>\n<meta property=\"og:locale\" content=\"es_ES\" \/>\n<meta property=\"og:type\" content=\"article\" \/>\n<meta property=\"og:title\" content=\"Women&#039;s Day Photographer Jose Mejia\" \/>\n<meta property=\"og:description\" content=\"Behind my lens: A tribute to strength, beauty and diversity in a photo shoot for Women&#039;s Day, The photographs celebrating International Wom..\" \/>\n<meta property=\"og:url\" content=\"https:\/\/jgregstudio.com\/es\/portfolio\/womens-day\/\" \/>\n<meta property=\"og:site_name\" content=\"Photographer Jose Mejia\" \/>\n<meta property=\"article:modified_time\" content=\"2024-06-13T13:54:38+00:00\" \/>\n<meta property=\"og:image\" content=\"https:\/\/jgregstudio.com\/wp-content\/uploads\/2024\/06\/Womens-Day-1-scaled.jpg\" \/>\n\t<meta property=\"og:image:width\" content=\"2560\" \/>\n\t<meta property=\"og:image:height\" content=\"1707\" \/>\n\t<meta property=\"og:image:type\" content=\"image\/jpeg\" \/>\n<meta name=\"twitter:card\" content=\"summary_large_image\" \/>\n<meta name=\"twitter:label1\" content=\"Tiempo de lectura\" \/>\n\t<meta name=\"twitter:data1\" content=\"1 minuto\" \/>\n<script type=\"application\/ld+json\" class=\"yoast-schema-graph\">{\"@context\":\"https:\/\/schema.org\",\"@graph\":[{\"@type\":\"WebPage\",\"@id\":\"https:\/\/jgregstudio.com\/portfolio\/womens-day\/\",\"url\":\"https:\/\/jgregstudio.com\/portfolio\/womens-day\/\",\"name\":\"Women's Day Photographer Jose Mejia\",\"isPartOf\":{\"@id\":\"https:\/\/jgregstudio.com\/#website\"},\"primaryImageOfPage\":{\"@id\":\"https:\/\/jgregstudio.com\/portfolio\/womens-day\/#primaryimage\"},\"image\":{\"@id\":\"https:\/\/jgregstudio.com\/portfolio\/womens-day\/#primaryimage\"},\"thumbnailUrl\":\"https:\/\/jgregstudio.com\/wp-content\/uploads\/2024\/06\/Womens-Day-1-scaled.jpg\",\"datePublished\":\"2024-06-11T14:25:06+00:00\",\"dateModified\":\"2024-06-13T13:54:38+00:00\",\"description\":\"Behind my lens: A tribute to strength, beauty and diversity in a photo shoot for Women's Day, The photographs celebrating International Wom..\",\"breadcrumb\":{\"@id\":\"https:\/\/jgregstudio.com\/portfolio\/womens-day\/#breadcrumb\"},\"inLanguage\":\"es\",\"potentialAction\":[{\"@type\":\"ReadAction\",\"target\":[\"https:\/\/jgregstudio.com\/portfolio\/womens-day\/\"]}]},{\"@type\":\"ImageObject\",\"inLanguage\":\"es\",\"@id\":\"https:\/\/jgregstudio.com\/portfolio\/womens-day\/#primaryimage\",\"url\":\"https:\/\/jgregstudio.com\/wp-content\/uploads\/2024\/06\/Womens-Day-1-scaled.jpg\",\"contentUrl\":\"https:\/\/jgregstudio.com\/wp-content\/uploads\/2024\/06\/Womens-Day-1-scaled.jpg\",\"width\":2560,\"height\":1707},{\"@type\":\"BreadcrumbList\",\"@id\":\"https:\/\/jgregstudio.com\/portfolio\/womens-day\/#breadcrumb\",\"itemListElement\":[{\"@type\":\"ListItem\",\"position\":1,\"name\":\"Home\",\"item\":\"https:\/\/jgregstudio.com\/\"},{\"@type\":\"ListItem\",\"position\":2,\"name\":\"Portfolio\",\"item\":\"https:\/\/jgregstudio.com\/portfolio\/\"},{\"@type\":\"ListItem\",\"position\":3,\"name\":\"Women&#8217;s Day\"}]},{\"@type\":\"WebSite\",\"@id\":\"https:\/\/jgregstudio.com\/#website\",\"url\":\"https:\/\/jgregstudio.com\/\",\"name\":\"Photographer Jose Mejia\",\"description\":\"Photographer Jose Mejia\",\"publisher\":{\"@id\":\"https:\/\/jgregstudio.com\/#\/schema\/person\/ad99edabfe4e13c5ba55e6b517dc6ed6\"},\"alternateName\":\"Photographer Jose Mejia\",\"potentialAction\":[{\"@type\":\"SearchAction\",\"target\":{\"@type\":\"EntryPoint\",\"urlTemplate\":\"https:\/\/jgregstudio.com\/?s={search_term_string}\"},\"query-input\":{\"@type\":\"PropertyValueSpecification\",\"valueRequired\":true,\"valueName\":\"search_term_string\"}}],\"inLanguage\":\"es\"},{\"@type\":[\"Person\",\"Organization\"],\"@id\":\"https:\/\/jgregstudio.com\/#\/schema\/person\/ad99edabfe4e13c5ba55e6b517dc6ed6\",\"name\":\"jgregstudio.com\",\"image\":{\"@type\":\"ImageObject\",\"inLanguage\":\"es\",\"@id\":\"https:\/\/jgregstudio.com\/#\/schema\/person\/image\/\",\"url\":\"https:\/\/jgregstudio.com\/wp-content\/uploads\/2024\/06\/apple-touch-icon-1.png\",\"contentUrl\":\"https:\/\/jgregstudio.com\/wp-content\/uploads\/2024\/06\/apple-touch-icon-1.png\",\"width\":180,\"height\":180,\"caption\":\"jgregstudio.com\"},\"logo\":{\"@id\":\"https:\/\/jgregstudio.com\/#\/schema\/person\/image\/\"},\"sameAs\":[\"https:\/\/jgregstudio.com\",\"https:\/\/www.instagram.com\/jgregph\/\"]}]}<\/script>\n<!-- \/ Yoast SEO plugin. -->","yoast_head_json":{"title":"Women's Day Photographer Jose Mejia","description":"Behind my lens: A tribute to strength, beauty and diversity in a photo shoot for Women's Day, The photographs celebrating International Wom..","robots":{"index":"index","follow":"follow","max-snippet":"max-snippet:-1","max-image-preview":"max-image-preview:large","max-video-preview":"max-video-preview:-1"},"canonical":"https:\/\/jgregstudio.com\/es\/portfolio\/womens-day\/","og_locale":"es_ES","og_type":"article","og_title":"Women's Day Photographer Jose Mejia","og_description":"Behind my lens: A tribute to strength, beauty and diversity in a photo shoot for Women's Day, The photographs celebrating International Wom..","og_url":"https:\/\/jgregstudio.com\/es\/portfolio\/womens-day\/","og_site_name":"Photographer Jose Mejia","article_modified_time":"2024-06-13T13:54:38+00:00","og_image":[{"width":2560,"height":1707,"url":"https:\/\/jgregstudio.com\/wp-content\/uploads\/2024\/06\/Womens-Day-1-scaled.jpg","type":"image\/jpeg"}],"twitter_card":"summary_large_image","twitter_misc":{"Tiempo de lectura":"1 minuto"},"schema":{"@context":"https:\/\/schema.org","@graph":[{"@type":"WebPage","@id":"https:\/\/jgregstudio.com\/portfolio\/womens-day\/","url":"https:\/\/jgregstudio.com\/portfolio\/womens-day\/","name":"Women's Day Photographer Jose Mejia","isPartOf":{"@id":"https:\/\/jgregstudio.com\/#website"},"primaryImageOfPage":{"@id":"https:\/\/jgregstudio.com\/portfolio\/womens-day\/#primaryimage"},"image":{"@id":"https:\/\/jgregstudio.com\/portfolio\/womens-day\/#primaryimage"},"thumbnailUrl":"https:\/\/jgregstudio.com\/wp-content\/uploads\/2024\/06\/Womens-Day-1-scaled.jpg","datePublished":"2024-06-11T14:25:06+00:00","dateModified":"2024-06-13T13:54:38+00:00","description":"Behind my lens: A tribute to strength, beauty and diversity in a photo shoot for Women's Day, The photographs celebrating International Wom..","breadcrumb":{"@id":"https:\/\/jgregstudio.com\/portfolio\/womens-day\/#breadcrumb"},"inLanguage":"es","potentialAction":[{"@type":"ReadAction","target":["https:\/\/jgregstudio.com\/portfolio\/womens-day\/"]}]},{"@type":"ImageObject","inLanguage":"es","@id":"https:\/\/jgregstudio.com\/portfolio\/womens-day\/#primaryimage","url":"https:\/\/jgregstudio.com\/wp-content\/uploads\/2024\/06\/Womens-Day-1-scaled.jpg","contentUrl":"https:\/\/jgregstudio.com\/wp-content\/uploads\/2024\/06\/Womens-Day-1-scaled.jpg","width":2560,"height":1707},{"@type":"BreadcrumbList","@id":"https:\/\/jgregstudio.com\/portfolio\/womens-day\/#breadcrumb","itemListElement":[{"@type":"ListItem","position":1,"name":"Home","item":"https:\/\/jgregstudio.com\/"},{"@type":"ListItem","position":2,"name":"Portfolio","item":"https:\/\/jgregstudio.com\/portfolio\/"},{"@type":"ListItem","position":3,"name":"Women&#8217;s Day"}]},{"@type":"WebSite","@id":"https:\/\/jgregstudio.com\/#website","url":"https:\/\/jgregstudio.com\/","name":"Photographer Jose Mejia","description":"Photographer Jose Mejia","publisher":{"@id":"https:\/\/jgregstudio.com\/#\/schema\/person\/ad99edabfe4e13c5ba55e6b517dc6ed6"},"alternateName":"Photographer Jose Mejia","potentialAction":[{"@type":"SearchAction","target":{"@type":"EntryPoint","urlTemplate":"https:\/\/jgregstudio.com\/?s={search_term_string}"},"query-input":{"@type":"PropertyValueSpecification","valueRequired":true,"valueName":"search_term_string"}}],"inLanguage":"es"},{"@type":["Person","Organization"],"@id":"https:\/\/jgregstudio.com\/#\/schema\/person\/ad99edabfe4e13c5ba55e6b517dc6ed6","name":"jgregstudio.com","image":{"@type":"ImageObject","inLanguage":"es","@id":"https:\/\/jgregstudio.com\/#\/schema\/person\/image\/","url":"https:\/\/jgregstudio.com\/wp-content\/uploads\/2024\/06\/apple-touch-icon-1.png","contentUrl":"https:\/\/jgregstudio.com\/wp-content\/uploads\/2024\/06\/apple-touch-icon-1.png","width":180,"height":180,"caption":"jgregstudio.com"},"logo":{"@id":"https:\/\/jgregstudio.com\/#\/schema\/person\/image\/"},"sameAs":["https:\/\/jgregstudio.com","https:\/\/www.instagram.com\/jgregph\/"]}]}},"uagb_featured_image_src":{"full":["https:\/\/jgregstudio.com\/wp-content\/uploads\/2024\/06\/Womens-Day-1-scaled.jpg",2560,1707,false],"thumbnail":["https:\/\/jgregstudio.com\/wp-content\/uploads\/2024\/06\/Womens-Day-1-150x150.jpg",150,150,true],"medium":["https:\/\/jgregstudio.com\/wp-content\/uploads\/2024\/06\/Womens-Day-1-300x200.jpg",300,200,true],"medium_large":["https:\/\/jgregstudio.com\/wp-content\/uploads\/2024\/06\/Womens-Day-1-768x512.jpg",768,512,true],"large":["https:\/\/jgregstudio.com\/wp-content\/uploads\/2024\/06\/Womens-Day-1-1024x683.jpg",1024,683,true],"1536x1536":["https:\/\/jgregstudio.com\/wp-content\/uploads\/2024\/06\/Womens-Day-1-1536x1024.jpg",1536,1024,true],"2048x2048":["https:\/\/jgregstudio.com\/wp-content\/uploads\/2024\/06\/Womens-Day-1-2048x1365.jpg",2048,1365,true],"trp-custom-language-flag":["https:\/\/jgregstudio.com\/wp-content\/uploads\/2024\/06\/Womens-Day-1-scaled.jpg",18,12,false],"post-thumbnail":["https:\/\/jgregstudio.com\/wp-content\/uploads\/2024\/06\/Womens-Day-1-600x300.jpg",600,300,true],"coffeebean_portfolio-main":["https:\/\/jgregstudio.com\/wp-content\/uploads\/2024\/06\/Womens-Day-1-800x800.jpg",800,800,true],"coffeebean_portfolio-masonry":["https:\/\/jgregstudio.com\/wp-content\/uploads\/2024\/06\/Womens-Day-1-800x533.jpg",800,533,true],"coffeebean_portfolio-footer":["https:\/\/jgregstudio.com\/wp-content\/uploads\/2024\/06\/Womens-Day-1-150x150.jpg",150,150,true]},"uagb_author_info":{"display_name":"jgregstudio.com","author_link":"https:\/\/jgregstudio.com\/es\/author\/"},"uagb_comment_info":0,"uagb_excerpt":"Behind my lens: A tribute to strength, beauty and diversity in a photo shoot for Women&#8217;s Day, The photographs celebrating International Women&#8217;s Day are not only beautiful images; they are works of art that pay tribute to the courage, perseverance and potential each woman has to transform the world. Behind each image is a photographer&hellip;","_links":{"self":[{"href":"https:\/\/jgregstudio.com\/es\/wp-json\/wp\/v2\/portfolio\/1080","targetHints":{"allow":["GET"]}}],"collection":[{"href":"https:\/\/jgregstudio.com\/es\/wp-json\/wp\/v2\/portfolio"}],"about":[{"href":"https:\/\/jgregstudio.com\/es\/wp-json\/wp\/v2\/types\/portfolio"}],"version-history":[{"count":4,"href":"https:\/\/jgregstudio.com\/es\/wp-json\/wp\/v2\/portfolio\/1080\/revisions"}],"predecessor-version":[{"id":1085,"href":"https:\/\/jgregstudio.com\/es\/wp-json\/wp\/v2\/portfolio\/1080\/revisions\/1085"}],"wp:featuredmedia":[{"embeddable":true,"href":"https:\/\/jgregstudio.com\/es\/wp-json\/wp\/v2\/media\/870"}],"wp:attachment":[{"href":"https:\/\/jgregstudio.com\/es\/wp-json\/wp\/v2\/media?parent=1080"}],"wp:term":[{"taxonomy":"filters","embeddable":true,"href":"https:\/\/jgregstudio.com\/es\/wp-json\/wp\/v2\/filters?post=1080"}],"curies":[{"name":"wp","href":"https:\/\/api.w.org\/{rel}","templated":true}]}}