{"id":418,"date":"2024-06-06T15:11:17","date_gmt":"2024-06-06T19:11:17","guid":{"rendered":"https:\/\/jgregstudio.com\/?post_type=portfolio&#038;p=418"},"modified":"2024-06-13T09:00:30","modified_gmt":"2024-06-13T13:00:30","slug":"hyundai-santa-fe-2022","status":"publish","type":"portfolio","link":"https:\/\/jgregstudio.com\/es\/portfolio\/hyundai-santa-fe-2022\/","title":{"rendered":"Hyundai Santa Fe 2022"},"content":{"rendered":"<p class=\"has-cyan-bluish-gray-color has-text-color has-link-color wp-elements-bb06793f57894f3ab6e4150327a0ac45\">Una sesi\u00f3n de fotos de autom\u00f3viles no se limita a la captura de im\u00e1genes. Es una experiencia sensorial que involucra el sonido del motor rugiendo, el olor a gasolina y la adrenalina de la velocidad. Mi objetivo es transmitir estas sensaciones a trav\u00e9s de mis fotograf\u00edas, creando una conexi\u00f3n emocional con el espectador y esta ocasi\u00f3n con Hyundai Santa Fe 2022.<\/p>\n\n\n<div class=\"pgc-sgb-cb wp-block-pgcsimplygalleryblock-grid\" data-gallery-id=\"04914755\"><div class=\"sgb-preloader\" id=\"pr_04914755\">\n\t<div class=\"sgb-square\" style=\"background:#d4d4d4\"><\/div>\n\t<div class=\"sgb-square\" style=\"background:#d4d4d4\"><\/div>\n\t<div class=\"sgb-square\" style=\"background:#d4d4d4\"><\/div>\n\t<div class=\"sgb-square\" style=\"background:#d4d4d4\"><\/div><\/div><div class=\"simply-gallery-amp pgc_sgb_slider\" style=\"display: none;\"><div class=\"sgb-gallery\"><div class=\"sgb-item\"><a href=\"https:\/\/jgregstudio.com\/es\/hyundai-santa-fe-2022-1\/\" target=\"_blank\"><img decoding=\"async\" alt=\"\" width=\"300\" height=\"200\" loading=\"lazy\" src=\"https:\/\/jgregstudio.com\/wp-content\/uploads\/2024\/06\/Hyundai-SANTA-FE-2022-1-300x200.jpg\" srcset=\"https:\/\/jgregstudio.com\/wp-content\/uploads\/2024\/06\/Hyundai-SANTA-FE-2022-1-300x200.jpg 300w,https:\/\/jgregstudio.com\/wp-content\/uploads\/2024\/06\/Hyundai-SANTA-FE-2022-1-1024x684.jpg 1024w,https:\/\/jgregstudio.com\/wp-content\/uploads\/2024\/06\/Hyundai-SANTA-FE-2022-1-scaled.jpg 2560w\" sizes=\"auto, 250px\"\/><\/a><\/div><div class=\"sgb-item\"><a href=\"https:\/\/jgregstudio.com\/es\/hyundai-santa-fe-2022-11\/\" target=\"_blank\"><img decoding=\"async\" alt=\"\" width=\"300\" height=\"200\" loading=\"lazy\" src=\"https:\/\/jgregstudio.com\/wp-content\/uploads\/2024\/06\/Hyundai-SANTA-FE-2022-11-300x200.jpg\" srcset=\"https:\/\/jgregstudio.com\/wp-content\/uploads\/2024\/06\/Hyundai-SANTA-FE-2022-11-300x200.jpg 300w,https:\/\/jgregstudio.com\/wp-content\/uploads\/2024\/06\/Hyundai-SANTA-FE-2022-11-1024x684.jpg 1024w,https:\/\/jgregstudio.com\/wp-content\/uploads\/2024\/06\/Hyundai-SANTA-FE-2022-11-scaled.jpg 2560w\" sizes=\"auto, 250px\"\/><\/a><\/div><div class=\"sgb-item\"><a href=\"https:\/\/jgregstudio.com\/es\/hyundai-santa-fe-2022-13\/\" target=\"_blank\"><img decoding=\"async\" alt=\"\" width=\"300\" height=\"200\" loading=\"lazy\" src=\"https:\/\/jgregstudio.com\/wp-content\/uploads\/2024\/06\/Hyundai-SANTA-FE-2022-13-300x200.jpg\" srcset=\"https:\/\/jgregstudio.com\/wp-content\/uploads\/2024\/06\/Hyundai-SANTA-FE-2022-13-300x200.jpg 300w,https:\/\/jgregstudio.com\/wp-content\/uploads\/2024\/06\/Hyundai-SANTA-FE-2022-13-1024x684.jpg 1024w,https:\/\/jgregstudio.com\/wp-content\/uploads\/2024\/06\/Hyundai-SANTA-FE-2022-13-scaled.jpg 2560w\" sizes=\"auto, 250px\"\/><\/a><\/div><div class=\"sgb-item\"><a href=\"https:\/\/jgregstudio.com\/es\/hyundai-santa-fe-2022-15\/\" target=\"_blank\"><img decoding=\"async\" alt=\"\" width=\"300\" height=\"200\" loading=\"lazy\" src=\"https:\/\/jgregstudio.com\/wp-content\/uploads\/2024\/06\/Hyundai-SANTA-FE-2022-15-300x200.jpg\" srcset=\"https:\/\/jgregstudio.com\/wp-content\/uploads\/2024\/06\/Hyundai-SANTA-FE-2022-15-300x200.jpg 300w,https:\/\/jgregstudio.com\/wp-content\/uploads\/2024\/06\/Hyundai-SANTA-FE-2022-15-1024x684.jpg 1024w,https:\/\/jgregstudio.com\/wp-content\/uploads\/2024\/06\/Hyundai-SANTA-FE-2022-15-scaled.jpg 2560w\" sizes=\"auto, 250px\"\/><\/a><\/div><div class=\"sgb-item\"><a href=\"https:\/\/jgregstudio.com\/es\/hyundai-santa-fe-2022-16\/\" target=\"_blank\"><img decoding=\"async\" alt=\"\" width=\"300\" height=\"200\" loading=\"lazy\" src=\"https:\/\/jgregstudio.com\/wp-content\/uploads\/2024\/06\/Hyundai-SANTA-FE-2022-16-300x200.jpg\" srcset=\"https:\/\/jgregstudio.com\/wp-content\/uploads\/2024\/06\/Hyundai-SANTA-FE-2022-16-300x200.jpg 300w,https:\/\/jgregstudio.com\/wp-content\/uploads\/2024\/06\/Hyundai-SANTA-FE-2022-16-1024x684.jpg 1024w,https:\/\/jgregstudio.com\/wp-content\/uploads\/2024\/06\/Hyundai-SANTA-FE-2022-16-scaled.jpg 2560w\" sizes=\"auto, 250px\"\/><\/a><\/div><div class=\"sgb-item\"><a href=\"https:\/\/jgregstudio.com\/es\/hyundai-santa-fe-2022-17\/\" target=\"_blank\"><img decoding=\"async\" alt=\"\" width=\"300\" height=\"200\" loading=\"lazy\" src=\"https:\/\/jgregstudio.com\/wp-content\/uploads\/2024\/06\/Hyundai-SANTA-FE-2022-17-300x200.jpg\" srcset=\"https:\/\/jgregstudio.com\/wp-content\/uploads\/2024\/06\/Hyundai-SANTA-FE-2022-17-300x200.jpg 300w,https:\/\/jgregstudio.com\/wp-content\/uploads\/2024\/06\/Hyundai-SANTA-FE-2022-17-1024x684.jpg 1024w,https:\/\/jgregstudio.com\/wp-content\/uploads\/2024\/06\/Hyundai-SANTA-FE-2022-17-scaled.jpg 2560w\" sizes=\"auto, 250px\"\/><\/a><\/div><div class=\"sgb-item\"><a href=\"https:\/\/jgregstudio.com\/es\/hyundai-santa-fe-2022-2\/\" target=\"_blank\"><img decoding=\"async\" alt=\"\" width=\"300\" height=\"168\" loading=\"lazy\" src=\"https:\/\/jgregstudio.com\/wp-content\/uploads\/2024\/06\/Hyundai-SANTA-FE-2022-2-300x168.jpg\" srcset=\"https:\/\/jgregstudio.com\/wp-content\/uploads\/2024\/06\/Hyundai-SANTA-FE-2022-2-300x168.jpg 300w,https:\/\/jgregstudio.com\/wp-content\/uploads\/2024\/06\/Hyundai-SANTA-FE-2022-2-1024x573.jpg 1024w,https:\/\/jgregstudio.com\/wp-content\/uploads\/2024\/06\/Hyundai-SANTA-FE-2022-2-scaled.jpg 2560w\" sizes=\"auto, 250px\"\/><\/a><\/div><div class=\"sgb-item\"><a href=\"https:\/\/jgregstudio.com\/es\/hyundai-santa-fe-2022-20\/\" target=\"_blank\"><img decoding=\"async\" alt=\"\" width=\"300\" height=\"200\" loading=\"lazy\" src=\"https:\/\/jgregstudio.com\/wp-content\/uploads\/2024\/06\/Hyundai-SANTA-FE-2022-20-300x200.jpg\" srcset=\"https:\/\/jgregstudio.com\/wp-content\/uploads\/2024\/06\/Hyundai-SANTA-FE-2022-20-300x200.jpg 300w,https:\/\/jgregstudio.com\/wp-content\/uploads\/2024\/06\/Hyundai-SANTA-FE-2022-20-1024x684.jpg 1024w,https:\/\/jgregstudio.com\/wp-content\/uploads\/2024\/06\/Hyundai-SANTA-FE-2022-20-scaled.jpg 2560w\" sizes=\"auto, 250px\"\/><\/a><\/div><div class=\"sgb-item\"><a href=\"https:\/\/jgregstudio.com\/es\/hyundai-santa-fe-2022-3\/\" target=\"_blank\"><img decoding=\"async\" alt=\"\" width=\"300\" height=\"200\" loading=\"lazy\" src=\"https:\/\/jgregstudio.com\/wp-content\/uploads\/2024\/06\/Hyundai-SANTA-FE-2022-3-300x200.jpg\" srcset=\"https:\/\/jgregstudio.com\/wp-content\/uploads\/2024\/06\/Hyundai-SANTA-FE-2022-3-300x200.jpg 300w,https:\/\/jgregstudio.com\/wp-content\/uploads\/2024\/06\/Hyundai-SANTA-FE-2022-3-1024x684.jpg 1024w,https:\/\/jgregstudio.com\/wp-content\/uploads\/2024\/06\/Hyundai-SANTA-FE-2022-3-scaled.jpg 2560w\" sizes=\"auto, 250px\"\/><\/a><\/div><div class=\"sgb-item\"><a href=\"https:\/\/jgregstudio.com\/es\/hyundai-santa-fe-2022-4\/\" target=\"_blank\"><img decoding=\"async\" alt=\"\" width=\"300\" height=\"200\" loading=\"lazy\" src=\"https:\/\/jgregstudio.com\/wp-content\/uploads\/2024\/06\/Hyundai-SANTA-FE-2022-4-300x200.jpg\" srcset=\"https:\/\/jgregstudio.com\/wp-content\/uploads\/2024\/06\/Hyundai-SANTA-FE-2022-4-300x200.jpg 300w,https:\/\/jgregstudio.com\/wp-content\/uploads\/2024\/06\/Hyundai-SANTA-FE-2022-4-1024x684.jpg 1024w,https:\/\/jgregstudio.com\/wp-content\/uploads\/2024\/06\/Hyundai-SANTA-FE-2022-4-scaled.jpg 2560w\" sizes=\"auto, 250px\"\/><\/a><\/div><div class=\"sgb-item\"><a href=\"https:\/\/jgregstudio.com\/es\/hyundai-santa-fe-2022-5\/\" target=\"_blank\"><img decoding=\"async\" alt=\"Hyundai SANTA FE 2022 5\" width=\"300\" height=\"200\" loading=\"lazy\" src=\"https:\/\/jgregstudio.com\/wp-content\/uploads\/2024\/06\/Hyundai-SANTA-FE-2022-5-300x200.jpg\" srcset=\"https:\/\/jgregstudio.com\/wp-content\/uploads\/2024\/06\/Hyundai-SANTA-FE-2022-5-300x200.jpg 300w,https:\/\/jgregstudio.com\/wp-content\/uploads\/2024\/06\/Hyundai-SANTA-FE-2022-5-1024x684.jpg 1024w,https:\/\/jgregstudio.com\/wp-content\/uploads\/2024\/06\/Hyundai-SANTA-FE-2022-5-scaled.jpg 2560w\" sizes=\"auto, 250px\"\/><\/a><\/div><div class=\"sgb-item\"><a href=\"https:\/\/jgregstudio.com\/es\/hyundai-santa-fe-2022-6\/\" target=\"_blank\"><img decoding=\"async\" alt=\"\" width=\"300\" height=\"206\" loading=\"lazy\" src=\"https:\/\/jgregstudio.com\/wp-content\/uploads\/2024\/06\/Hyundai-SANTA-FE-2022-6-300x206.jpg\" srcset=\"https:\/\/jgregstudio.com\/wp-content\/uploads\/2024\/06\/Hyundai-SANTA-FE-2022-6-300x206.jpg 300w,https:\/\/jgregstudio.com\/wp-content\/uploads\/2024\/06\/Hyundai-SANTA-FE-2022-6-1024x703.jpg 1024w,https:\/\/jgregstudio.com\/wp-content\/uploads\/2024\/06\/Hyundai-SANTA-FE-2022-6-scaled.jpg 2560w\" sizes=\"auto, 250px\"\/><\/a><\/div><div class=\"sgb-item\"><a href=\"https:\/\/jgregstudio.com\/es\/hyundai-santa-fe-2022-7\/\" target=\"_blank\"><img decoding=\"async\" alt=\"\" width=\"300\" height=\"200\" loading=\"lazy\" src=\"https:\/\/jgregstudio.com\/wp-content\/uploads\/2024\/06\/Hyundai-SANTA-FE-2022-7-300x200.jpg\" srcset=\"https:\/\/jgregstudio.com\/wp-content\/uploads\/2024\/06\/Hyundai-SANTA-FE-2022-7-300x200.jpg 300w,https:\/\/jgregstudio.com\/wp-content\/uploads\/2024\/06\/Hyundai-SANTA-FE-2022-7-1024x684.jpg 1024w,https:\/\/jgregstudio.com\/wp-content\/uploads\/2024\/06\/Hyundai-SANTA-FE-2022-7-scaled.jpg 2560w\" sizes=\"auto, 250px\"\/><\/a><\/div><div class=\"sgb-item\"><a href=\"https:\/\/jgregstudio.com\/es\/hyundai-santa-fe-2022-8\/\" target=\"_blank\"><img decoding=\"async\" alt=\"\" width=\"300\" height=\"178\" loading=\"lazy\" src=\"https:\/\/jgregstudio.com\/wp-content\/uploads\/2024\/06\/Hyundai-SANTA-FE-2022-8-300x178.jpg\" srcset=\"https:\/\/jgregstudio.com\/wp-content\/uploads\/2024\/06\/Hyundai-SANTA-FE-2022-8-300x178.jpg 300w,https:\/\/jgregstudio.com\/wp-content\/uploads\/2024\/06\/Hyundai-SANTA-FE-2022-8-1024x608.jpg 1024w,https:\/\/jgregstudio.com\/wp-content\/uploads\/2024\/06\/Hyundai-SANTA-FE-2022-8-scaled.jpg 2560w\" sizes=\"auto, 250px\"\/><\/a><\/div><div class=\"sgb-item\"><a href=\"https:\/\/jgregstudio.com\/es\/hyundai-santa-fe-2022-9\/\" target=\"_blank\"><img decoding=\"async\" alt=\"\" width=\"300\" height=\"200\" loading=\"lazy\" src=\"https:\/\/jgregstudio.com\/wp-content\/uploads\/2024\/06\/Hyundai-SANTA-FE-2022-9-300x200.jpg\" srcset=\"https:\/\/jgregstudio.com\/wp-content\/uploads\/2024\/06\/Hyundai-SANTA-FE-2022-9-300x200.jpg 300w,https:\/\/jgregstudio.com\/wp-content\/uploads\/2024\/06\/Hyundai-SANTA-FE-2022-9-1024x684.jpg 1024w,https:\/\/jgregstudio.com\/wp-content\/uploads\/2024\/06\/Hyundai-SANTA-FE-2022-9-scaled.jpg 2560w\" sizes=\"auto, 250px\"\/><\/a><\/div><\/div><\/div><script type=\"application\/json\" class=\"sgb-data\">{\"collectionColumns\":5,\"collectionThumbRecomendedWidth\":150,\"thumbSpacing\":0,\"collectionThumbSubMenuDownload\":false,\"galleryType\":\"pgc_sgb_grid\",\"galleryId\":\"04914755\",\"images\":[{\"id\":7,\"title\":\"Hyundai SANTA FE 2022 1\",\"url\":\"https:\/\/jgregstudio.com\/wp-content\/uploads\/2024\/06\/Hyundai-SANTA-FE-2022-1-scaled.jpg\",\"link\":\"https:\/\/jgregstudio.com\/hyundai-santa-fe-2022-1\/\",\"alt\":\"\",\"description\":\"\",\"caption\":\"\",\"mime\":\"image\/jpeg\",\"type\":\"image\",\"width\":2560,\"height\":1709,\"sizes\":{\"thumbnail\":{\"height\":150,\"width\":150,\"url\":\"https:\/\/jgregstudio.com\/wp-content\/uploads\/2024\/06\/Hyundai-SANTA-FE-2022-1-150x150.jpg\",\"orientation\":\"landscape\"},\"medium\":{\"height\":200,\"width\":300,\"url\":\"https:\/\/jgregstudio.com\/wp-content\/uploads\/2024\/06\/Hyundai-SANTA-FE-2022-1-300x200.jpg\",\"orientation\":\"landscape\"},\"large\":{\"height\":684,\"width\":1024,\"url\":\"https:\/\/jgregstudio.com\/wp-content\/uploads\/2024\/06\/Hyundai-SANTA-FE-2022-1-1024x684.jpg\",\"orientation\":\"landscape\"},\"full\":{\"url\":\"https:\/\/jgregstudio.com\/wp-content\/uploads\/2024\/06\/Hyundai-SANTA-FE-2022-1-scaled.jpg\",\"height\":1709,\"width\":2560,\"orientation\":\"landscape\"}},\"imageMeta\":{\"aperture\":\"0\",\"credit\":\"\",\"camera\":\"\",\"caption\":\"\",\"created_timestamp\":\"0\",\"copyright\":\"\",\"focal_length\":\"0\",\"iso\":\"0\",\"shutter_speed\":\"0\",\"title\":\"\",\"orientation\":\"0\",\"keywords\":[]},\"meta\":false,\"postlink\":\"https:\/\/jgregstudio.com\/hyundai-santa-fe-2022-1\/\"},{\"id\":17,\"title\":\"Hyundai SANTA FE 2022 11\",\"url\":\"https:\/\/jgregstudio.com\/wp-content\/uploads\/2024\/06\/Hyundai-SANTA-FE-2022-11-scaled.jpg\",\"link\":\"https:\/\/jgregstudio.com\/hyundai-santa-fe-2022-11\/\",\"alt\":\"\",\"description\":\"\",\"caption\":\"\",\"mime\":\"image\/jpeg\",\"type\":\"image\",\"width\":2560,\"height\":1709,\"sizes\":{\"thumbnail\":{\"height\":150,\"width\":150,\"url\":\"https:\/\/jgregstudio.com\/wp-content\/uploads\/2024\/06\/Hyundai-SANTA-FE-2022-11-150x150.jpg\",\"orientation\":\"landscape\"},\"medium\":{\"height\":200,\"width\":300,\"url\":\"https:\/\/jgregstudio.com\/wp-content\/uploads\/2024\/06\/Hyundai-SANTA-FE-2022-11-300x200.jpg\",\"orientation\":\"landscape\"},\"large\":{\"height\":684,\"width\":1024,\"url\":\"https:\/\/jgregstudio.com\/wp-content\/uploads\/2024\/06\/Hyundai-SANTA-FE-2022-11-1024x684.jpg\",\"orientation\":\"landscape\"},\"full\":{\"url\":\"https:\/\/jgregstudio.com\/wp-content\/uploads\/2024\/06\/Hyundai-SANTA-FE-2022-11-scaled.jpg\",\"height\":1709,\"width\":2560,\"orientation\":\"landscape\"}},\"imageMeta\":{\"aperture\":\"5\",\"credit\":\"\",\"camera\":\"NIKON D750\",\"caption\":\"\",\"created_timestamp\":\"1627391242\",\"copyright\":\"\",\"focal_length\":\"50\",\"iso\":\"500\",\"shutter_speed\":\"0.008\",\"title\":\"\",\"orientation\":\"0\",\"keywords\":[]},\"meta\":false,\"postlink\":\"https:\/\/jgregstudio.com\/hyundai-santa-fe-2022-11\/\"},{\"id\":19,\"title\":\"Hyundai SANTA FE 2022 13\",\"url\":\"https:\/\/jgregstudio.com\/wp-content\/uploads\/2024\/06\/Hyundai-SANTA-FE-2022-13-scaled.jpg\",\"link\":\"https:\/\/jgregstudio.com\/hyundai-santa-fe-2022-13\/\",\"alt\":\"\",\"description\":\"\",\"caption\":\"\",\"mime\":\"image\/jpeg\",\"type\":\"image\",\"width\":2560,\"height\":1709,\"sizes\":{\"thumbnail\":{\"height\":150,\"width\":150,\"url\":\"https:\/\/jgregstudio.com\/wp-content\/uploads\/2024\/06\/Hyundai-SANTA-FE-2022-13-150x150.jpg\",\"orientation\":\"landscape\"},\"medium\":{\"height\":200,\"width\":300,\"url\":\"https:\/\/jgregstudio.com\/wp-content\/uploads\/2024\/06\/Hyundai-SANTA-FE-2022-13-300x200.jpg\",\"orientation\":\"landscape\"},\"large\":{\"height\":684,\"width\":1024,\"url\":\"https:\/\/jgregstudio.com\/wp-content\/uploads\/2024\/06\/Hyundai-SANTA-FE-2022-13-1024x684.jpg\",\"orientation\":\"landscape\"},\"full\":{\"url\":\"https:\/\/jgregstudio.com\/wp-content\/uploads\/2024\/06\/Hyundai-SANTA-FE-2022-13-scaled.jpg\",\"height\":1709,\"width\":2560,\"orientation\":\"landscape\"}},\"imageMeta\":{\"aperture\":\"0\",\"credit\":\"\",\"camera\":\"\",\"caption\":\"\",\"created_timestamp\":\"0\",\"copyright\":\"\",\"focal_length\":\"0\",\"iso\":\"0\",\"shutter_speed\":\"0\",\"title\":\"\",\"orientation\":\"0\",\"keywords\":[]},\"meta\":false,\"postlink\":\"https:\/\/jgregstudio.com\/hyundai-santa-fe-2022-13\/\"},{\"id\":21,\"title\":\"Hyundai SANTA FE 2022 15\",\"url\":\"https:\/\/jgregstudio.com\/wp-content\/uploads\/2024\/06\/Hyundai-SANTA-FE-2022-15-scaled.jpg\",\"link\":\"https:\/\/jgregstudio.com\/hyundai-santa-fe-2022-15\/\",\"alt\":\"\",\"description\":\"\",\"caption\":\"\",\"mime\":\"image\/jpeg\",\"type\":\"image\",\"width\":2560,\"height\":1709,\"sizes\":{\"thumbnail\":{\"height\":150,\"width\":150,\"url\":\"https:\/\/jgregstudio.com\/wp-content\/uploads\/2024\/06\/Hyundai-SANTA-FE-2022-15-150x150.jpg\",\"orientation\":\"landscape\"},\"medium\":{\"height\":200,\"width\":300,\"url\":\"https:\/\/jgregstudio.com\/wp-content\/uploads\/2024\/06\/Hyundai-SANTA-FE-2022-15-300x200.jpg\",\"orientation\":\"landscape\"},\"large\":{\"height\":684,\"width\":1024,\"url\":\"https:\/\/jgregstudio.com\/wp-content\/uploads\/2024\/06\/Hyundai-SANTA-FE-2022-15-1024x684.jpg\",\"orientation\":\"landscape\"},\"full\":{\"url\":\"https:\/\/jgregstudio.com\/wp-content\/uploads\/2024\/06\/Hyundai-SANTA-FE-2022-15-scaled.jpg\",\"height\":1709,\"width\":2560,\"orientation\":\"landscape\"}},\"imageMeta\":{\"aperture\":\"5\",\"credit\":\"\",\"camera\":\"NIKON D750\",\"caption\":\"\",\"created_timestamp\":\"1627389873\",\"copyright\":\"\",\"focal_length\":\"50\",\"iso\":\"2000\",\"shutter_speed\":\"0.008\",\"title\":\"\",\"orientation\":\"0\",\"keywords\":[]},\"meta\":false,\"postlink\":\"https:\/\/jgregstudio.com\/hyundai-santa-fe-2022-15\/\"},{\"id\":22,\"title\":\"Hyundai SANTA FE 2022 16\",\"url\":\"https:\/\/jgregstudio.com\/wp-content\/uploads\/2024\/06\/Hyundai-SANTA-FE-2022-16-scaled.jpg\",\"link\":\"https:\/\/jgregstudio.com\/hyundai-santa-fe-2022-16\/\",\"alt\":\"\",\"description\":\"\",\"caption\":\"\",\"mime\":\"image\/jpeg\",\"type\":\"image\",\"width\":2560,\"height\":1709,\"sizes\":{\"thumbnail\":{\"height\":150,\"width\":150,\"url\":\"https:\/\/jgregstudio.com\/wp-content\/uploads\/2024\/06\/Hyundai-SANTA-FE-2022-16-150x150.jpg\",\"orientation\":\"landscape\"},\"medium\":{\"height\":200,\"width\":300,\"url\":\"https:\/\/jgregstudio.com\/wp-content\/uploads\/2024\/06\/Hyundai-SANTA-FE-2022-16-300x200.jpg\",\"orientation\":\"landscape\"},\"large\":{\"height\":684,\"width\":1024,\"url\":\"https:\/\/jgregstudio.com\/wp-content\/uploads\/2024\/06\/Hyundai-SANTA-FE-2022-16-1024x684.jpg\",\"orientation\":\"landscape\"},\"full\":{\"url\":\"https:\/\/jgregstudio.com\/wp-content\/uploads\/2024\/06\/Hyundai-SANTA-FE-2022-16-scaled.jpg\",\"height\":1709,\"width\":2560,\"orientation\":\"landscape\"}},\"imageMeta\":{\"aperture\":\"5\",\"credit\":\"\",\"camera\":\"NIKON D750\",\"caption\":\"\",\"created_timestamp\":\"1627389863\",\"copyright\":\"\",\"focal_length\":\"50\",\"iso\":\"2000\",\"shutter_speed\":\"0.008\",\"title\":\"\",\"orientation\":\"0\",\"keywords\":[]},\"meta\":false,\"postlink\":\"https:\/\/jgregstudio.com\/hyundai-santa-fe-2022-16\/\"},{\"id\":23,\"title\":\"Hyundai SANTA FE 2022 17\",\"url\":\"https:\/\/jgregstudio.com\/wp-content\/uploads\/2024\/06\/Hyundai-SANTA-FE-2022-17-scaled.jpg\",\"link\":\"https:\/\/jgregstudio.com\/hyundai-santa-fe-2022-17\/\",\"alt\":\"\",\"description\":\"\",\"caption\":\"\",\"mime\":\"image\/jpeg\",\"type\":\"image\",\"width\":2560,\"height\":1709,\"sizes\":{\"thumbnail\":{\"height\":150,\"width\":150,\"url\":\"https:\/\/jgregstudio.com\/wp-content\/uploads\/2024\/06\/Hyundai-SANTA-FE-2022-17-150x150.jpg\",\"orientation\":\"landscape\"},\"medium\":{\"height\":200,\"width\":300,\"url\":\"https:\/\/jgregstudio.com\/wp-content\/uploads\/2024\/06\/Hyundai-SANTA-FE-2022-17-300x200.jpg\",\"orientation\":\"landscape\"},\"large\":{\"height\":684,\"width\":1024,\"url\":\"https:\/\/jgregstudio.com\/wp-content\/uploads\/2024\/06\/Hyundai-SANTA-FE-2022-17-1024x684.jpg\",\"orientation\":\"landscape\"},\"full\":{\"url\":\"https:\/\/jgregstudio.com\/wp-content\/uploads\/2024\/06\/Hyundai-SANTA-FE-2022-17-scaled.jpg\",\"height\":1709,\"width\":2560,\"orientation\":\"landscape\"}},\"imageMeta\":{\"aperture\":\"0\",\"credit\":\"\",\"camera\":\"\",\"caption\":\"\",\"created_timestamp\":\"0\",\"copyright\":\"\",\"focal_length\":\"0\",\"iso\":\"0\",\"shutter_speed\":\"0\",\"title\":\"\",\"orientation\":\"0\",\"keywords\":[]},\"meta\":false,\"postlink\":\"https:\/\/jgregstudio.com\/hyundai-santa-fe-2022-17\/\"},{\"id\":8,\"title\":\"Hyundai SANTA FE 2022 2\",\"url\":\"https:\/\/jgregstudio.com\/wp-content\/uploads\/2024\/06\/Hyundai-SANTA-FE-2022-2-scaled.jpg\",\"link\":\"https:\/\/jgregstudio.com\/hyundai-santa-fe-2022-2\/\",\"alt\":\"\",\"description\":\"\",\"caption\":\"\",\"mime\":\"image\/jpeg\",\"type\":\"image\",\"width\":2560,\"height\":1432,\"sizes\":{\"thumbnail\":{\"height\":150,\"width\":150,\"url\":\"https:\/\/jgregstudio.com\/wp-content\/uploads\/2024\/06\/Hyundai-SANTA-FE-2022-2-150x150.jpg\",\"orientation\":\"landscape\"},\"medium\":{\"height\":168,\"width\":300,\"url\":\"https:\/\/jgregstudio.com\/wp-content\/uploads\/2024\/06\/Hyundai-SANTA-FE-2022-2-300x168.jpg\",\"orientation\":\"landscape\"},\"large\":{\"height\":573,\"width\":1024,\"url\":\"https:\/\/jgregstudio.com\/wp-content\/uploads\/2024\/06\/Hyundai-SANTA-FE-2022-2-1024x573.jpg\",\"orientation\":\"landscape\"},\"full\":{\"url\":\"https:\/\/jgregstudio.com\/wp-content\/uploads\/2024\/06\/Hyundai-SANTA-FE-2022-2-scaled.jpg\",\"height\":1432,\"width\":2560,\"orientation\":\"landscape\"}},\"imageMeta\":{\"aperture\":\"0\",\"credit\":\"\",\"camera\":\"\",\"caption\":\"\",\"created_timestamp\":\"0\",\"copyright\":\"\",\"focal_length\":\"0\",\"iso\":\"0\",\"shutter_speed\":\"0\",\"title\":\"\",\"orientation\":\"0\",\"keywords\":[]},\"meta\":false,\"postlink\":\"https:\/\/jgregstudio.com\/hyundai-santa-fe-2022-2\/\"},{\"id\":26,\"title\":\"Hyundai SANTA FE 2022 20\",\"url\":\"https:\/\/jgregstudio.com\/wp-content\/uploads\/2024\/06\/Hyundai-SANTA-FE-2022-20-scaled.jpg\",\"link\":\"https:\/\/jgregstudio.com\/hyundai-santa-fe-2022-20\/\",\"alt\":\"\",\"description\":\"\",\"caption\":\"\",\"mime\":\"image\/jpeg\",\"type\":\"image\",\"width\":2560,\"height\":1709,\"sizes\":{\"thumbnail\":{\"height\":150,\"width\":150,\"url\":\"https:\/\/jgregstudio.com\/wp-content\/uploads\/2024\/06\/Hyundai-SANTA-FE-2022-20-150x150.jpg\",\"orientation\":\"landscape\"},\"medium\":{\"height\":200,\"width\":300,\"url\":\"https:\/\/jgregstudio.com\/wp-content\/uploads\/2024\/06\/Hyundai-SANTA-FE-2022-20-300x200.jpg\",\"orientation\":\"landscape\"},\"large\":{\"height\":684,\"width\":1024,\"url\":\"https:\/\/jgregstudio.com\/wp-content\/uploads\/2024\/06\/Hyundai-SANTA-FE-2022-20-1024x684.jpg\",\"orientation\":\"landscape\"},\"full\":{\"url\":\"https:\/\/jgregstudio.com\/wp-content\/uploads\/2024\/06\/Hyundai-SANTA-FE-2022-20-scaled.jpg\",\"height\":1709,\"width\":2560,\"orientation\":\"landscape\"}},\"imageMeta\":{\"aperture\":\"5\",\"credit\":\"\",\"camera\":\"NIKON D750\",\"caption\":\"\",\"created_timestamp\":\"1627389794\",\"copyright\":\"\",\"focal_length\":\"50\",\"iso\":\"1600\",\"shutter_speed\":\"0.00625\",\"title\":\"\",\"orientation\":\"0\",\"keywords\":[]},\"meta\":false,\"postlink\":\"https:\/\/jgregstudio.com\/hyundai-santa-fe-2022-20\/\"},{\"id\":9,\"title\":\"Hyundai SANTA FE 2022 3\",\"url\":\"https:\/\/jgregstudio.com\/wp-content\/uploads\/2024\/06\/Hyundai-SANTA-FE-2022-3-scaled.jpg\",\"link\":\"https:\/\/jgregstudio.com\/hyundai-santa-fe-2022-3\/\",\"alt\":\"\",\"description\":\"\",\"caption\":\"\",\"mime\":\"image\/jpeg\",\"type\":\"image\",\"width\":2560,\"height\":1709,\"sizes\":{\"thumbnail\":{\"height\":150,\"width\":150,\"url\":\"https:\/\/jgregstudio.com\/wp-content\/uploads\/2024\/06\/Hyundai-SANTA-FE-2022-3-150x150.jpg\",\"orientation\":\"landscape\"},\"medium\":{\"height\":200,\"width\":300,\"url\":\"https:\/\/jgregstudio.com\/wp-content\/uploads\/2024\/06\/Hyundai-SANTA-FE-2022-3-300x200.jpg\",\"orientation\":\"landscape\"},\"large\":{\"height\":684,\"width\":1024,\"url\":\"https:\/\/jgregstudio.com\/wp-content\/uploads\/2024\/06\/Hyundai-SANTA-FE-2022-3-1024x684.jpg\",\"orientation\":\"landscape\"},\"full\":{\"url\":\"https:\/\/jgregstudio.com\/wp-content\/uploads\/2024\/06\/Hyundai-SANTA-FE-2022-3-scaled.jpg\",\"height\":1709,\"width\":2560,\"orientation\":\"landscape\"}},\"imageMeta\":{\"aperture\":\"0\",\"credit\":\"\",\"camera\":\"\",\"caption\":\"\",\"created_timestamp\":\"0\",\"copyright\":\"\",\"focal_length\":\"0\",\"iso\":\"0\",\"shutter_speed\":\"0\",\"title\":\"\",\"orientation\":\"0\",\"keywords\":[]},\"meta\":false,\"postlink\":\"https:\/\/jgregstudio.com\/hyundai-santa-fe-2022-3\/\"},{\"id\":10,\"title\":\"Hyundai SANTA FE 2022 4\",\"url\":\"https:\/\/jgregstudio.com\/wp-content\/uploads\/2024\/06\/Hyundai-SANTA-FE-2022-4-scaled.jpg\",\"link\":\"https:\/\/jgregstudio.com\/hyundai-santa-fe-2022-4\/\",\"alt\":\"\",\"description\":\"\",\"caption\":\"\",\"mime\":\"image\/jpeg\",\"type\":\"image\",\"width\":2560,\"height\":1709,\"sizes\":{\"thumbnail\":{\"height\":150,\"width\":150,\"url\":\"https:\/\/jgregstudio.com\/wp-content\/uploads\/2024\/06\/Hyundai-SANTA-FE-2022-4-150x150.jpg\",\"orientation\":\"landscape\"},\"medium\":{\"height\":200,\"width\":300,\"url\":\"https:\/\/jgregstudio.com\/wp-content\/uploads\/2024\/06\/Hyundai-SANTA-FE-2022-4-300x200.jpg\",\"orientation\":\"landscape\"},\"large\":{\"height\":684,\"width\":1024,\"url\":\"https:\/\/jgregstudio.com\/wp-content\/uploads\/2024\/06\/Hyundai-SANTA-FE-2022-4-1024x684.jpg\",\"orientation\":\"landscape\"},\"full\":{\"url\":\"https:\/\/jgregstudio.com\/wp-content\/uploads\/2024\/06\/Hyundai-SANTA-FE-2022-4-scaled.jpg\",\"height\":1709,\"width\":2560,\"orientation\":\"landscape\"}},\"imageMeta\":{\"aperture\":\"4\",\"credit\":\"\",\"camera\":\"NIKON D750\",\"caption\":\"\",\"created_timestamp\":\"1627390913\",\"copyright\":\"\",\"focal_length\":\"50\",\"iso\":\"200\",\"shutter_speed\":\"0.008\",\"title\":\"\",\"orientation\":\"0\",\"keywords\":[]},\"meta\":false,\"postlink\":\"https:\/\/jgregstudio.com\/hyundai-santa-fe-2022-4\/\"},{\"id\":11,\"title\":\"Hyundai SANTA FE 2022 5\",\"url\":\"https:\/\/jgregstudio.com\/wp-content\/uploads\/2024\/06\/Hyundai-SANTA-FE-2022-5-scaled.jpg\",\"link\":\"https:\/\/jgregstudio.com\/hyundai-santa-fe-2022-5\/\",\"alt\":\"Hyundai SANTA FE 2022 5\",\"description\":\"Hyundai SANTA FE 2022 5\",\"caption\":\"\",\"mime\":\"image\/jpeg\",\"type\":\"image\",\"width\":2560,\"height\":1709,\"sizes\":{\"thumbnail\":{\"height\":150,\"width\":150,\"url\":\"https:\/\/jgregstudio.com\/wp-content\/uploads\/2024\/06\/Hyundai-SANTA-FE-2022-5-150x150.jpg\",\"orientation\":\"landscape\"},\"medium\":{\"height\":200,\"width\":300,\"url\":\"https:\/\/jgregstudio.com\/wp-content\/uploads\/2024\/06\/Hyundai-SANTA-FE-2022-5-300x200.jpg\",\"orientation\":\"landscape\"},\"large\":{\"height\":684,\"width\":1024,\"url\":\"https:\/\/jgregstudio.com\/wp-content\/uploads\/2024\/06\/Hyundai-SANTA-FE-2022-5-1024x684.jpg\",\"orientation\":\"landscape\"},\"full\":{\"url\":\"https:\/\/jgregstudio.com\/wp-content\/uploads\/2024\/06\/Hyundai-SANTA-FE-2022-5-scaled.jpg\",\"height\":1709,\"width\":2560,\"orientation\":\"landscape\"}},\"imageMeta\":{\"aperture\":\"0\",\"credit\":\"\",\"camera\":\"\",\"caption\":\"\",\"created_timestamp\":\"0\",\"copyright\":\"\",\"focal_length\":\"0\",\"iso\":\"0\",\"shutter_speed\":\"0\",\"title\":\"\",\"orientation\":\"0\",\"keywords\":[]},\"meta\":false,\"postlink\":\"https:\/\/jgregstudio.com\/hyundai-santa-fe-2022-5\/\"},{\"id\":12,\"title\":\"Hyundai SANTA FE 2022 6\",\"url\":\"https:\/\/jgregstudio.com\/wp-content\/uploads\/2024\/06\/Hyundai-SANTA-FE-2022-6-scaled.jpg\",\"link\":\"https:\/\/jgregstudio.com\/hyundai-santa-fe-2022-6\/\",\"alt\":\"\",\"description\":\"\",\"caption\":\"\",\"mime\":\"image\/jpeg\",\"type\":\"image\",\"width\":2560,\"height\":1758,\"sizes\":{\"thumbnail\":{\"height\":150,\"width\":150,\"url\":\"https:\/\/jgregstudio.com\/wp-content\/uploads\/2024\/06\/Hyundai-SANTA-FE-2022-6-150x150.jpg\",\"orientation\":\"landscape\"},\"medium\":{\"height\":206,\"width\":300,\"url\":\"https:\/\/jgregstudio.com\/wp-content\/uploads\/2024\/06\/Hyundai-SANTA-FE-2022-6-300x206.jpg\",\"orientation\":\"landscape\"},\"large\":{\"height\":703,\"width\":1024,\"url\":\"https:\/\/jgregstudio.com\/wp-content\/uploads\/2024\/06\/Hyundai-SANTA-FE-2022-6-1024x703.jpg\",\"orientation\":\"landscape\"},\"full\":{\"url\":\"https:\/\/jgregstudio.com\/wp-content\/uploads\/2024\/06\/Hyundai-SANTA-FE-2022-6-scaled.jpg\",\"height\":1758,\"width\":2560,\"orientation\":\"landscape\"}},\"imageMeta\":{\"aperture\":\"0\",\"credit\":\"\",\"camera\":\"\",\"caption\":\"\",\"created_timestamp\":\"0\",\"copyright\":\"\",\"focal_length\":\"0\",\"iso\":\"0\",\"shutter_speed\":\"0\",\"title\":\"\",\"orientation\":\"0\",\"keywords\":[]},\"meta\":false,\"postlink\":\"https:\/\/jgregstudio.com\/hyundai-santa-fe-2022-6\/\"},{\"id\":13,\"title\":\"Hyundai SANTA FE 2022 7\",\"url\":\"https:\/\/jgregstudio.com\/wp-content\/uploads\/2024\/06\/Hyundai-SANTA-FE-2022-7-scaled.jpg\",\"link\":\"https:\/\/jgregstudio.com\/hyundai-santa-fe-2022-7\/\",\"alt\":\"\",\"description\":\"\",\"caption\":\"\",\"mime\":\"image\/jpeg\",\"type\":\"image\",\"width\":2560,\"height\":1709,\"sizes\":{\"thumbnail\":{\"height\":150,\"width\":150,\"url\":\"https:\/\/jgregstudio.com\/wp-content\/uploads\/2024\/06\/Hyundai-SANTA-FE-2022-7-150x150.jpg\",\"orientation\":\"landscape\"},\"medium\":{\"height\":200,\"width\":300,\"url\":\"https:\/\/jgregstudio.com\/wp-content\/uploads\/2024\/06\/Hyundai-SANTA-FE-2022-7-300x200.jpg\",\"orientation\":\"landscape\"},\"large\":{\"height\":684,\"width\":1024,\"url\":\"https:\/\/jgregstudio.com\/wp-content\/uploads\/2024\/06\/Hyundai-SANTA-FE-2022-7-1024x684.jpg\",\"orientation\":\"landscape\"},\"full\":{\"url\":\"https:\/\/jgregstudio.com\/wp-content\/uploads\/2024\/06\/Hyundai-SANTA-FE-2022-7-scaled.jpg\",\"height\":1709,\"width\":2560,\"orientation\":\"landscape\"}},\"imageMeta\":{\"aperture\":\"0\",\"credit\":\"\",\"camera\":\"\",\"caption\":\"\",\"created_timestamp\":\"0\",\"copyright\":\"\",\"focal_length\":\"0\",\"iso\":\"0\",\"shutter_speed\":\"0\",\"title\":\"\",\"orientation\":\"0\",\"keywords\":[]},\"meta\":false,\"postlink\":\"https:\/\/jgregstudio.com\/hyundai-santa-fe-2022-7\/\"},{\"id\":14,\"title\":\"Hyundai SANTA FE 2022 8\",\"url\":\"https:\/\/jgregstudio.com\/wp-content\/uploads\/2024\/06\/Hyundai-SANTA-FE-2022-8-scaled.jpg\",\"link\":\"https:\/\/jgregstudio.com\/hyundai-santa-fe-2022-8\/\",\"alt\":\"\",\"description\":\"\",\"caption\":\"\",\"mime\":\"image\/jpeg\",\"type\":\"image\",\"width\":2560,\"height\":1519,\"sizes\":{\"thumbnail\":{\"height\":150,\"width\":150,\"url\":\"https:\/\/jgregstudio.com\/wp-content\/uploads\/2024\/06\/Hyundai-SANTA-FE-2022-8-150x150.jpg\",\"orientation\":\"landscape\"},\"medium\":{\"height\":178,\"width\":300,\"url\":\"https:\/\/jgregstudio.com\/wp-content\/uploads\/2024\/06\/Hyundai-SANTA-FE-2022-8-300x178.jpg\",\"orientation\":\"landscape\"},\"large\":{\"height\":608,\"width\":1024,\"url\":\"https:\/\/jgregstudio.com\/wp-content\/uploads\/2024\/06\/Hyundai-SANTA-FE-2022-8-1024x608.jpg\",\"orientation\":\"landscape\"},\"full\":{\"url\":\"https:\/\/jgregstudio.com\/wp-content\/uploads\/2024\/06\/Hyundai-SANTA-FE-2022-8-scaled.jpg\",\"height\":1519,\"width\":2560,\"orientation\":\"landscape\"}},\"imageMeta\":{\"aperture\":\"0\",\"credit\":\"\",\"camera\":\"\",\"caption\":\"\",\"created_timestamp\":\"0\",\"copyright\":\"\",\"focal_length\":\"0\",\"iso\":\"0\",\"shutter_speed\":\"0\",\"title\":\"\",\"orientation\":\"0\",\"keywords\":[]},\"meta\":false,\"postlink\":\"https:\/\/jgregstudio.com\/hyundai-santa-fe-2022-8\/\"},{\"id\":15,\"title\":\"Hyundai SANTA FE 2022 9\",\"url\":\"https:\/\/jgregstudio.com\/wp-content\/uploads\/2024\/06\/Hyundai-SANTA-FE-2022-9-scaled.jpg\",\"link\":\"https:\/\/jgregstudio.com\/hyundai-santa-fe-2022-9\/\",\"alt\":\"\",\"description\":\"\",\"caption\":\"\",\"mime\":\"image\/jpeg\",\"type\":\"image\",\"width\":2560,\"height\":1709,\"sizes\":{\"thumbnail\":{\"height\":150,\"width\":150,\"url\":\"https:\/\/jgregstudio.com\/wp-content\/uploads\/2024\/06\/Hyundai-SANTA-FE-2022-9-150x150.jpg\",\"orientation\":\"landscape\"},\"medium\":{\"height\":200,\"width\":300,\"url\":\"https:\/\/jgregstudio.com\/wp-content\/uploads\/2024\/06\/Hyundai-SANTA-FE-2022-9-300x200.jpg\",\"orientation\":\"landscape\"},\"large\":{\"height\":684,\"width\":1024,\"url\":\"https:\/\/jgregstudio.com\/wp-content\/uploads\/2024\/06\/Hyundai-SANTA-FE-2022-9-1024x684.jpg\",\"orientation\":\"landscape\"},\"full\":{\"url\":\"https:\/\/jgregstudio.com\/wp-content\/uploads\/2024\/06\/Hyundai-SANTA-FE-2022-9-scaled.jpg\",\"height\":1709,\"width\":2560,\"orientation\":\"landscape\"}},\"imageMeta\":{\"aperture\":\"0\",\"credit\":\"\",\"camera\":\"\",\"caption\":\"\",\"created_timestamp\":\"0\",\"copyright\":\"\",\"focal_length\":\"0\",\"iso\":\"0\",\"shutter_speed\":\"0\",\"title\":\"\",\"orientation\":\"0\",\"keywords\":[]},\"meta\":false,\"postlink\":\"https:\/\/jgregstudio.com\/hyundai-santa-fe-2022-9\/\"}],\"orderBy\":\"title\",\"sliderItemDownload\":false,\"TrpContentRestriction\":{\"restriction_type\":\"exclude\",\"selected_languages\":[],\"panel_open\":true},\"itemsMetaDataCollection\":[]}<\/script><script>(function(){if(window.PGC_SGB && window.PGC_SGB.searcher){window.PGC_SGB.searcher.initBlocks()}})()<\/script><\/div>\n\n\n<p class=\"has-cyan-bluish-gray-color has-text-color has-link-color has-small-font-size wp-elements-9197b026d96f8374888a9d268f73beef\">En colaboraci\u00f3n con la Productora Grabbit.<\/p>","protected":false},"excerpt":{"rendered":"<p>A car photo shoot is not just about capturing images. It is a sensory experience that involves the sound of the roaring engine, the smell of gasoline and the adrenaline of speed. My goal is to convey these sensations through my photographs, creating an emotional connection with the viewer. In collaboration with Grabbit Production Company.<\/p>","protected":false},"featured_media":11,"template":"","filters":[6],"class_list":["post-418","portfolio","type-portfolio","status-publish","has-post-thumbnail","hentry","filters-cars","has-thumbnail"],"yoast_head":"<!-- This site is optimized with the Yoast SEO plugin v25.3.1 - https:\/\/yoast.com\/wordpress\/plugins\/seo\/ -->\n<title>Hyundai Santa Fe 2022 Photographer Jose Mejia<\/title>\n<meta name=\"description\" content=\"A car photo shoot is not just about capturing images. It is a sensory experience that involves the sound of the roaring engine...\" \/>\n<meta name=\"robots\" content=\"index, follow, max-snippet:-1, max-image-preview:large, max-video-preview:-1\" \/>\n<link rel=\"canonical\" href=\"https:\/\/jgregstudio.com\/es\/portfolio\/hyundai-santa-fe-2022\/\" \/>\n<meta property=\"og:locale\" content=\"es_ES\" \/>\n<meta property=\"og:type\" content=\"article\" \/>\n<meta property=\"og:title\" content=\"Hyundai Santa Fe 2022 Photographer Jose Mejia\" \/>\n<meta property=\"og:description\" content=\"A car photo shoot is not just about capturing images. It is a sensory experience that involves the sound of the roaring engine...\" \/>\n<meta property=\"og:url\" content=\"https:\/\/jgregstudio.com\/es\/portfolio\/hyundai-santa-fe-2022\/\" \/>\n<meta property=\"og:site_name\" content=\"Photographer Jose Mejia\" \/>\n<meta property=\"article:modified_time\" content=\"2024-06-13T13:00:30+00:00\" \/>\n<meta property=\"og:image\" content=\"https:\/\/jgregstudio.com\/wp-content\/uploads\/2024\/06\/Hyundai-SANTA-FE-2022-5-scaled.jpg\" \/>\n\t<meta property=\"og:image:width\" content=\"2560\" \/>\n\t<meta property=\"og:image:height\" content=\"1709\" \/>\n\t<meta property=\"og:image:type\" content=\"image\/jpeg\" \/>\n<meta name=\"twitter:card\" content=\"summary_large_image\" \/>\n<meta name=\"twitter:label1\" content=\"Tiempo de lectura\" \/>\n\t<meta name=\"twitter:data1\" content=\"4 minutos\" \/>\n<script type=\"application\/ld+json\" class=\"yoast-schema-graph\">{\"@context\":\"https:\/\/schema.org\",\"@graph\":[{\"@type\":\"WebPage\",\"@id\":\"https:\/\/jgregstudio.com\/portfolio\/hyundai-santa-fe-2022\/\",\"url\":\"https:\/\/jgregstudio.com\/portfolio\/hyundai-santa-fe-2022\/\",\"name\":\"Hyundai Santa Fe 2022 Photographer Jose Mejia\",\"isPartOf\":{\"@id\":\"https:\/\/jgregstudio.com\/#website\"},\"primaryImageOfPage\":{\"@id\":\"https:\/\/jgregstudio.com\/portfolio\/hyundai-santa-fe-2022\/#primaryimage\"},\"image\":{\"@id\":\"https:\/\/jgregstudio.com\/portfolio\/hyundai-santa-fe-2022\/#primaryimage\"},\"thumbnailUrl\":\"https:\/\/jgregstudio.com\/wp-content\/uploads\/2024\/06\/Hyundai-SANTA-FE-2022-5-scaled.jpg\",\"datePublished\":\"2024-06-06T19:11:17+00:00\",\"dateModified\":\"2024-06-13T13:00:30+00:00\",\"description\":\"A car photo shoot is not just about capturing images. It is a sensory experience that involves the sound of the roaring engine...\",\"breadcrumb\":{\"@id\":\"https:\/\/jgregstudio.com\/portfolio\/hyundai-santa-fe-2022\/#breadcrumb\"},\"inLanguage\":\"es\",\"potentialAction\":[{\"@type\":\"ReadAction\",\"target\":[\"https:\/\/jgregstudio.com\/portfolio\/hyundai-santa-fe-2022\/\"]}]},{\"@type\":\"ImageObject\",\"inLanguage\":\"es\",\"@id\":\"https:\/\/jgregstudio.com\/portfolio\/hyundai-santa-fe-2022\/#primaryimage\",\"url\":\"https:\/\/jgregstudio.com\/wp-content\/uploads\/2024\/06\/Hyundai-SANTA-FE-2022-5-scaled.jpg\",\"contentUrl\":\"https:\/\/jgregstudio.com\/wp-content\/uploads\/2024\/06\/Hyundai-SANTA-FE-2022-5-scaled.jpg\",\"width\":2560,\"height\":1709,\"caption\":\"Cars\"},{\"@type\":\"BreadcrumbList\",\"@id\":\"https:\/\/jgregstudio.com\/portfolio\/hyundai-santa-fe-2022\/#breadcrumb\",\"itemListElement\":[{\"@type\":\"ListItem\",\"position\":1,\"name\":\"Home\",\"item\":\"https:\/\/jgregstudio.com\/\"},{\"@type\":\"ListItem\",\"position\":2,\"name\":\"Portfolio\",\"item\":\"https:\/\/jgregstudio.com\/portfolio\/\"},{\"@type\":\"ListItem\",\"position\":3,\"name\":\"Hyundai Santa Fe 2022\"}]},{\"@type\":\"WebSite\",\"@id\":\"https:\/\/jgregstudio.com\/#website\",\"url\":\"https:\/\/jgregstudio.com\/\",\"name\":\"Photographer Jose Mejia\",\"description\":\"Photographer Jose Mejia\",\"publisher\":{\"@id\":\"https:\/\/jgregstudio.com\/#\/schema\/person\/ad99edabfe4e13c5ba55e6b517dc6ed6\"},\"alternateName\":\"Photographer Jose Mejia\",\"potentialAction\":[{\"@type\":\"SearchAction\",\"target\":{\"@type\":\"EntryPoint\",\"urlTemplate\":\"https:\/\/jgregstudio.com\/?s={search_term_string}\"},\"query-input\":{\"@type\":\"PropertyValueSpecification\",\"valueRequired\":true,\"valueName\":\"search_term_string\"}}],\"inLanguage\":\"es\"},{\"@type\":[\"Person\",\"Organization\"],\"@id\":\"https:\/\/jgregstudio.com\/#\/schema\/person\/ad99edabfe4e13c5ba55e6b517dc6ed6\",\"name\":\"jgregstudio.com\",\"image\":{\"@type\":\"ImageObject\",\"inLanguage\":\"es\",\"@id\":\"https:\/\/jgregstudio.com\/#\/schema\/person\/image\/\",\"url\":\"https:\/\/jgregstudio.com\/wp-content\/uploads\/2024\/06\/apple-touch-icon-1.png\",\"contentUrl\":\"https:\/\/jgregstudio.com\/wp-content\/uploads\/2024\/06\/apple-touch-icon-1.png\",\"width\":180,\"height\":180,\"caption\":\"jgregstudio.com\"},\"logo\":{\"@id\":\"https:\/\/jgregstudio.com\/#\/schema\/person\/image\/\"},\"sameAs\":[\"https:\/\/jgregstudio.com\",\"https:\/\/www.instagram.com\/jgregph\/\"]}]}<\/script>\n<!-- \/ Yoast SEO plugin. -->","yoast_head_json":{"title":"Hyundai Santa Fe 2022 Photographer Jose Mejia","description":"A car photo shoot is not just about capturing images. It is a sensory experience that involves the sound of the roaring engine...","robots":{"index":"index","follow":"follow","max-snippet":"max-snippet:-1","max-image-preview":"max-image-preview:large","max-video-preview":"max-video-preview:-1"},"canonical":"https:\/\/jgregstudio.com\/es\/portfolio\/hyundai-santa-fe-2022\/","og_locale":"es_ES","og_type":"article","og_title":"Hyundai Santa Fe 2022 Photographer Jose Mejia","og_description":"A car photo shoot is not just about capturing images. It is a sensory experience that involves the sound of the roaring engine...","og_url":"https:\/\/jgregstudio.com\/es\/portfolio\/hyundai-santa-fe-2022\/","og_site_name":"Photographer Jose Mejia","article_modified_time":"2024-06-13T13:00:30+00:00","og_image":[{"width":2560,"height":1709,"url":"https:\/\/jgregstudio.com\/wp-content\/uploads\/2024\/06\/Hyundai-SANTA-FE-2022-5-scaled.jpg","type":"image\/jpeg"}],"twitter_card":"summary_large_image","twitter_misc":{"Tiempo de lectura":"4 minutos"},"schema":{"@context":"https:\/\/schema.org","@graph":[{"@type":"WebPage","@id":"https:\/\/jgregstudio.com\/portfolio\/hyundai-santa-fe-2022\/","url":"https:\/\/jgregstudio.com\/portfolio\/hyundai-santa-fe-2022\/","name":"Hyundai Santa Fe 2022 Photographer Jose Mejia","isPartOf":{"@id":"https:\/\/jgregstudio.com\/#website"},"primaryImageOfPage":{"@id":"https:\/\/jgregstudio.com\/portfolio\/hyundai-santa-fe-2022\/#primaryimage"},"image":{"@id":"https:\/\/jgregstudio.com\/portfolio\/hyundai-santa-fe-2022\/#primaryimage"},"thumbnailUrl":"https:\/\/jgregstudio.com\/wp-content\/uploads\/2024\/06\/Hyundai-SANTA-FE-2022-5-scaled.jpg","datePublished":"2024-06-06T19:11:17+00:00","dateModified":"2024-06-13T13:00:30+00:00","description":"A car photo shoot is not just about capturing images. It is a sensory experience that involves the sound of the roaring engine...","breadcrumb":{"@id":"https:\/\/jgregstudio.com\/portfolio\/hyundai-santa-fe-2022\/#breadcrumb"},"inLanguage":"es","potentialAction":[{"@type":"ReadAction","target":["https:\/\/jgregstudio.com\/portfolio\/hyundai-santa-fe-2022\/"]}]},{"@type":"ImageObject","inLanguage":"es","@id":"https:\/\/jgregstudio.com\/portfolio\/hyundai-santa-fe-2022\/#primaryimage","url":"https:\/\/jgregstudio.com\/wp-content\/uploads\/2024\/06\/Hyundai-SANTA-FE-2022-5-scaled.jpg","contentUrl":"https:\/\/jgregstudio.com\/wp-content\/uploads\/2024\/06\/Hyundai-SANTA-FE-2022-5-scaled.jpg","width":2560,"height":1709,"caption":"Cars"},{"@type":"BreadcrumbList","@id":"https:\/\/jgregstudio.com\/portfolio\/hyundai-santa-fe-2022\/#breadcrumb","itemListElement":[{"@type":"ListItem","position":1,"name":"Home","item":"https:\/\/jgregstudio.com\/"},{"@type":"ListItem","position":2,"name":"Portfolio","item":"https:\/\/jgregstudio.com\/portfolio\/"},{"@type":"ListItem","position":3,"name":"Hyundai Santa Fe 2022"}]},{"@type":"WebSite","@id":"https:\/\/jgregstudio.com\/#website","url":"https:\/\/jgregstudio.com\/","name":"Photographer Jose Mejia","description":"Photographer Jose Mejia","publisher":{"@id":"https:\/\/jgregstudio.com\/#\/schema\/person\/ad99edabfe4e13c5ba55e6b517dc6ed6"},"alternateName":"Photographer Jose Mejia","potentialAction":[{"@type":"SearchAction","target":{"@type":"EntryPoint","urlTemplate":"https:\/\/jgregstudio.com\/?s={search_term_string}"},"query-input":{"@type":"PropertyValueSpecification","valueRequired":true,"valueName":"search_term_string"}}],"inLanguage":"es"},{"@type":["Person","Organization"],"@id":"https:\/\/jgregstudio.com\/#\/schema\/person\/ad99edabfe4e13c5ba55e6b517dc6ed6","name":"jgregstudio.com","image":{"@type":"ImageObject","inLanguage":"es","@id":"https:\/\/jgregstudio.com\/#\/schema\/person\/image\/","url":"https:\/\/jgregstudio.com\/wp-content\/uploads\/2024\/06\/apple-touch-icon-1.png","contentUrl":"https:\/\/jgregstudio.com\/wp-content\/uploads\/2024\/06\/apple-touch-icon-1.png","width":180,"height":180,"caption":"jgregstudio.com"},"logo":{"@id":"https:\/\/jgregstudio.com\/#\/schema\/person\/image\/"},"sameAs":["https:\/\/jgregstudio.com","https:\/\/www.instagram.com\/jgregph\/"]}]}},"uagb_featured_image_src":{"full":["https:\/\/jgregstudio.com\/wp-content\/uploads\/2024\/06\/Hyundai-SANTA-FE-2022-5-scaled.jpg",2560,1709,false],"thumbnail":["https:\/\/jgregstudio.com\/wp-content\/uploads\/2024\/06\/Hyundai-SANTA-FE-2022-5-150x150.jpg",150,150,true],"medium":["https:\/\/jgregstudio.com\/wp-content\/uploads\/2024\/06\/Hyundai-SANTA-FE-2022-5-300x200.jpg",300,200,true],"medium_large":["https:\/\/jgregstudio.com\/wp-content\/uploads\/2024\/06\/Hyundai-SANTA-FE-2022-5-768x513.jpg",768,513,true],"large":["https:\/\/jgregstudio.com\/wp-content\/uploads\/2024\/06\/Hyundai-SANTA-FE-2022-5-1024x684.jpg",1024,684,true],"1536x1536":["https:\/\/jgregstudio.com\/wp-content\/uploads\/2024\/06\/Hyundai-SANTA-FE-2022-5-1536x1025.jpg",1536,1025,true],"2048x2048":["https:\/\/jgregstudio.com\/wp-content\/uploads\/2024\/06\/Hyundai-SANTA-FE-2022-5-2048x1367.jpg",2048,1367,true],"trp-custom-language-flag":["https:\/\/jgregstudio.com\/wp-content\/uploads\/2024\/06\/Hyundai-SANTA-FE-2022-5-scaled.jpg",18,12,false],"post-thumbnail":["https:\/\/jgregstudio.com\/wp-content\/uploads\/2024\/06\/Hyundai-SANTA-FE-2022-5-scaled.jpg",449,300,false],"coffeebean_portfolio-main":["https:\/\/jgregstudio.com\/wp-content\/uploads\/2024\/06\/Hyundai-SANTA-FE-2022-5-scaled.jpg",800,534,false],"coffeebean_portfolio-masonry":["https:\/\/jgregstudio.com\/wp-content\/uploads\/2024\/06\/Hyundai-SANTA-FE-2022-5-scaled.jpg",800,534,false],"coffeebean_portfolio-footer":["https:\/\/jgregstudio.com\/wp-content\/uploads\/2024\/06\/Hyundai-SANTA-FE-2022-5-scaled.jpg",150,100,false]},"uagb_author_info":{"display_name":"jgregstudio.com","author_link":"https:\/\/jgregstudio.com\/es\/author\/"},"uagb_comment_info":0,"uagb_excerpt":"A car photo shoot is not just about capturing images. It is a sensory experience that involves the sound of the roaring engine, the smell of gasoline and the adrenaline of speed. My goal is to convey these sensations through my photographs, creating an emotional connection with the viewer. In collaboration with Grabbit Production Company.","_links":{"self":[{"href":"https:\/\/jgregstudio.com\/es\/wp-json\/wp\/v2\/portfolio\/418","targetHints":{"allow":["GET"]}}],"collection":[{"href":"https:\/\/jgregstudio.com\/es\/wp-json\/wp\/v2\/portfolio"}],"about":[{"href":"https:\/\/jgregstudio.com\/es\/wp-json\/wp\/v2\/types\/portfolio"}],"version-history":[{"count":35,"href":"https:\/\/jgregstudio.com\/es\/wp-json\/wp\/v2\/portfolio\/418\/revisions"}],"predecessor-version":[{"id":1113,"href":"https:\/\/jgregstudio.com\/es\/wp-json\/wp\/v2\/portfolio\/418\/revisions\/1113"}],"wp:featuredmedia":[{"embeddable":true,"href":"https:\/\/jgregstudio.com\/es\/wp-json\/wp\/v2\/media\/11"}],"wp:attachment":[{"href":"https:\/\/jgregstudio.com\/es\/wp-json\/wp\/v2\/media?parent=418"}],"wp:term":[{"taxonomy":"filters","embeddable":true,"href":"https:\/\/jgregstudio.com\/es\/wp-json\/wp\/v2\/filters?post=418"}],"curies":[{"name":"wp","href":"https:\/\/api.w.org\/{rel}","templated":true}]}}