{"id":428,"date":"2024-06-06T15:41:23","date_gmt":"2024-06-06T19:41:23","guid":{"rendered":"https:\/\/jgregstudio.com\/?post_type=portfolio&#038;p=428"},"modified":"2024-06-13T09:11:00","modified_gmt":"2024-06-13T13:11:00","slug":"toyota-yaris-sedan-2023","status":"publish","type":"portfolio","link":"https:\/\/jgregstudio.com\/es\/portfolio\/toyota-yaris-sedan-2023\/","title":{"rendered":"Toyota Yaris Sedan 2023"},"content":{"rendered":"<p class=\"has-cyan-bluish-gray-color has-text-color has-link-color wp-elements-22fc901a3217454d1acd602f46bc5829\">Una espectacular sesi\u00f3n fotogr\u00e1fica que resalt\u00f3 la est\u00e9tica del coche tanto por dentro como por fuera, las fotos fueron incre\u00edbles en este proyecto, convirtiendo cada foto en obras de arte que celebran la belleza, la potencia y la ingenier\u00eda de Toyota.<\/p>\n\n\n<div class=\"pgc-sgb-cb wp-block-pgcsimplygalleryblock-grid\" data-gallery-id=\"41583533\"><div class=\"sgb-preloader\" id=\"pr_41583533\">\n\t<div class=\"sgb-square\" style=\"background:#d4d4d4\"><\/div>\n\t<div class=\"sgb-square\" style=\"background:#d4d4d4\"><\/div>\n\t<div class=\"sgb-square\" style=\"background:#d4d4d4\"><\/div>\n\t<div class=\"sgb-square\" style=\"background:#d4d4d4\"><\/div><\/div><div class=\"simply-gallery-amp pgc_sgb_slider\" style=\"display: none;\"><div class=\"sgb-gallery\"><div class=\"sgb-item\"><a href=\"https:\/\/jgregstudio.com\/es\/toyota-yaris-sedan-red-1\/\" target=\"_blank\"><img decoding=\"async\" alt=\"\" width=\"300\" height=\"200\" loading=\"lazy\" src=\"https:\/\/jgregstudio.com\/wp-content\/uploads\/2024\/06\/Toyota-Yaris-Sedan-Red-1-300x200.jpg\" srcset=\"https:\/\/jgregstudio.com\/wp-content\/uploads\/2024\/06\/Toyota-Yaris-Sedan-Red-1-300x200.jpg 300w,https:\/\/jgregstudio.com\/wp-content\/uploads\/2024\/06\/Toyota-Yaris-Sedan-Red-1-1024x684.jpg 1024w,https:\/\/jgregstudio.com\/wp-content\/uploads\/2024\/06\/Toyota-Yaris-Sedan-Red-1-scaled.jpg 2560w\" sizes=\"auto, 250px\"\/><\/a><\/div><div class=\"sgb-item\"><a href=\"https:\/\/jgregstudio.com\/es\/toyota-yaris-sedan-red-2\/\" target=\"_blank\"><img decoding=\"async\" alt=\"\" width=\"300\" height=\"200\" loading=\"lazy\" src=\"https:\/\/jgregstudio.com\/wp-content\/uploads\/2024\/06\/Toyota-Yaris-Sedan-Red-2-300x200.jpg\" srcset=\"https:\/\/jgregstudio.com\/wp-content\/uploads\/2024\/06\/Toyota-Yaris-Sedan-Red-2-300x200.jpg 300w,https:\/\/jgregstudio.com\/wp-content\/uploads\/2024\/06\/Toyota-Yaris-Sedan-Red-2-1024x684.jpg 1024w,https:\/\/jgregstudio.com\/wp-content\/uploads\/2024\/06\/Toyota-Yaris-Sedan-Red-2-scaled.jpg 2560w\" sizes=\"auto, 250px\"\/><\/a><\/div><div class=\"sgb-item\"><a href=\"https:\/\/jgregstudio.com\/es\/toyota-yaris-sedan-red-3\/\" target=\"_blank\"><img decoding=\"async\" alt=\"\" width=\"300\" height=\"200\" loading=\"lazy\" src=\"https:\/\/jgregstudio.com\/wp-content\/uploads\/2024\/06\/Toyota-Yaris-Sedan-Red-3-300x200.jpg\" srcset=\"https:\/\/jgregstudio.com\/wp-content\/uploads\/2024\/06\/Toyota-Yaris-Sedan-Red-3-300x200.jpg 300w,https:\/\/jgregstudio.com\/wp-content\/uploads\/2024\/06\/Toyota-Yaris-Sedan-Red-3-1024x684.jpg 1024w,https:\/\/jgregstudio.com\/wp-content\/uploads\/2024\/06\/Toyota-Yaris-Sedan-Red-3-scaled.jpg 2560w\" sizes=\"auto, 250px\"\/><\/a><\/div><div class=\"sgb-item\"><a href=\"https:\/\/jgregstudio.com\/es\/toyota-yaris-sedan-red-4\/\" target=\"_blank\"><img decoding=\"async\" alt=\"\" width=\"300\" height=\"200\" loading=\"lazy\" src=\"https:\/\/jgregstudio.com\/wp-content\/uploads\/2024\/06\/Toyota-Yaris-Sedan-Red-4-300x200.jpg\" srcset=\"https:\/\/jgregstudio.com\/wp-content\/uploads\/2024\/06\/Toyota-Yaris-Sedan-Red-4-300x200.jpg 300w,https:\/\/jgregstudio.com\/wp-content\/uploads\/2024\/06\/Toyota-Yaris-Sedan-Red-4-1024x684.jpg 1024w,https:\/\/jgregstudio.com\/wp-content\/uploads\/2024\/06\/Toyota-Yaris-Sedan-Red-4-scaled.jpg 2560w\" sizes=\"auto, 250px\"\/><\/a><\/div><div class=\"sgb-item\"><a href=\"https:\/\/jgregstudio.com\/es\/toyota-yaris-sedan-red-5\/\" target=\"_blank\"><img decoding=\"async\" alt=\"\" width=\"300\" height=\"200\" loading=\"lazy\" src=\"https:\/\/jgregstudio.com\/wp-content\/uploads\/2024\/06\/Toyota-Yaris-Sedan-Red-5-300x200.jpg\" srcset=\"https:\/\/jgregstudio.com\/wp-content\/uploads\/2024\/06\/Toyota-Yaris-Sedan-Red-5-300x200.jpg 300w,https:\/\/jgregstudio.com\/wp-content\/uploads\/2024\/06\/Toyota-Yaris-Sedan-Red-5-1024x684.jpg 1024w,https:\/\/jgregstudio.com\/wp-content\/uploads\/2024\/06\/Toyota-Yaris-Sedan-Red-5-scaled.jpg 2560w\" sizes=\"auto, 250px\"\/><\/a><\/div><div class=\"sgb-item\"><a href=\"https:\/\/jgregstudio.com\/es\/toyota-yaris-sedan-red-6\/\" target=\"_blank\"><img decoding=\"async\" alt=\"\" width=\"300\" height=\"200\" loading=\"lazy\" src=\"https:\/\/jgregstudio.com\/wp-content\/uploads\/2024\/06\/Toyota-Yaris-Sedan-Red-6-300x200.jpg\" srcset=\"https:\/\/jgregstudio.com\/wp-content\/uploads\/2024\/06\/Toyota-Yaris-Sedan-Red-6-300x200.jpg 300w,https:\/\/jgregstudio.com\/wp-content\/uploads\/2024\/06\/Toyota-Yaris-Sedan-Red-6-1024x683.jpg 1024w,https:\/\/jgregstudio.com\/wp-content\/uploads\/2024\/06\/Toyota-Yaris-Sedan-Red-6-scaled.jpg 2560w\" sizes=\"auto, 250px\"\/><\/a><\/div><div class=\"sgb-item\"><a href=\"https:\/\/jgregstudio.com\/es\/toyota-yaris-sedan-red-7\/\" target=\"_blank\"><img decoding=\"async\" alt=\"\" width=\"300\" height=\"200\" loading=\"lazy\" src=\"https:\/\/jgregstudio.com\/wp-content\/uploads\/2024\/06\/Toyota-Yaris-Sedan-Red-7-300x200.jpg\" srcset=\"https:\/\/jgregstudio.com\/wp-content\/uploads\/2024\/06\/Toyota-Yaris-Sedan-Red-7-300x200.jpg 300w,https:\/\/jgregstudio.com\/wp-content\/uploads\/2024\/06\/Toyota-Yaris-Sedan-Red-7-1024x684.jpg 1024w,https:\/\/jgregstudio.com\/wp-content\/uploads\/2024\/06\/Toyota-Yaris-Sedan-Red-7-scaled.jpg 2560w\" sizes=\"auto, 250px\"\/><\/a><\/div><div class=\"sgb-item\"><a href=\"https:\/\/jgregstudio.com\/es\/toyota-yaris-sedan-red-8\/\" target=\"_blank\"><img decoding=\"async\" alt=\"\" width=\"300\" height=\"200\" loading=\"lazy\" src=\"https:\/\/jgregstudio.com\/wp-content\/uploads\/2024\/06\/Toyota-Yaris-Sedan-Red-8-300x200.jpg\" srcset=\"https:\/\/jgregstudio.com\/wp-content\/uploads\/2024\/06\/Toyota-Yaris-Sedan-Red-8-300x200.jpg 300w,https:\/\/jgregstudio.com\/wp-content\/uploads\/2024\/06\/Toyota-Yaris-Sedan-Red-8-1024x684.jpg 1024w,https:\/\/jgregstudio.com\/wp-content\/uploads\/2024\/06\/Toyota-Yaris-Sedan-Red-8-scaled.jpg 2560w\" sizes=\"auto, 250px\"\/><\/a><\/div><div class=\"sgb-item\"><a href=\"https:\/\/jgregstudio.com\/es\/toyota-yaris-sedan-red-9\/\" target=\"_blank\"><img decoding=\"async\" alt=\"\" width=\"300\" height=\"200\" loading=\"lazy\" src=\"https:\/\/jgregstudio.com\/wp-content\/uploads\/2024\/06\/Toyota-Yaris-Sedan-Red-9-300x200.jpg\" srcset=\"https:\/\/jgregstudio.com\/wp-content\/uploads\/2024\/06\/Toyota-Yaris-Sedan-Red-9-300x200.jpg 300w,https:\/\/jgregstudio.com\/wp-content\/uploads\/2024\/06\/Toyota-Yaris-Sedan-Red-9-1024x684.jpg 1024w,https:\/\/jgregstudio.com\/wp-content\/uploads\/2024\/06\/Toyota-Yaris-Sedan-Red-9-scaled.jpg 2560w\" sizes=\"auto, 250px\"\/><\/a><\/div><div class=\"sgb-item\"><a href=\"https:\/\/jgregstudio.com\/es\/toyota-yaris-sedan-red-10\/\" target=\"_blank\"><img decoding=\"async\" alt=\"\" width=\"300\" height=\"200\" loading=\"lazy\" src=\"https:\/\/jgregstudio.com\/wp-content\/uploads\/2024\/06\/Toyota-Yaris-Sedan-Red-10-300x200.jpg\" srcset=\"https:\/\/jgregstudio.com\/wp-content\/uploads\/2024\/06\/Toyota-Yaris-Sedan-Red-10-300x200.jpg 300w,https:\/\/jgregstudio.com\/wp-content\/uploads\/2024\/06\/Toyota-Yaris-Sedan-Red-10-1024x684.jpg 1024w,https:\/\/jgregstudio.com\/wp-content\/uploads\/2024\/06\/Toyota-Yaris-Sedan-Red-10-scaled.jpg 2560w\" sizes=\"auto, 250px\"\/><\/a><\/div><div class=\"sgb-item\"><a href=\"https:\/\/jgregstudio.com\/es\/toyota-yaris-sedan-red-23\/\" target=\"_blank\"><img decoding=\"async\" alt=\"\" width=\"300\" height=\"200\" loading=\"lazy\" src=\"https:\/\/jgregstudio.com\/wp-content\/uploads\/2024\/06\/Toyota-Yaris-Sedan-Red-23-300x200.jpg\" srcset=\"https:\/\/jgregstudio.com\/wp-content\/uploads\/2024\/06\/Toyota-Yaris-Sedan-Red-23-300x200.jpg 300w,https:\/\/jgregstudio.com\/wp-content\/uploads\/2024\/06\/Toyota-Yaris-Sedan-Red-23-1024x684.jpg 1024w,https:\/\/jgregstudio.com\/wp-content\/uploads\/2024\/06\/Toyota-Yaris-Sedan-Red-23-scaled.jpg 2560w\" sizes=\"auto, 250px\"\/><\/a><\/div><div class=\"sgb-item\"><a href=\"https:\/\/jgregstudio.com\/es\/toyota-yaris-sedan-red-16\/\" target=\"_blank\"><img decoding=\"async\" alt=\"\" width=\"300\" height=\"200\" loading=\"lazy\" src=\"https:\/\/jgregstudio.com\/wp-content\/uploads\/2024\/06\/Toyota-Yaris-Sedan-Red-16-300x200.jpg\" srcset=\"https:\/\/jgregstudio.com\/wp-content\/uploads\/2024\/06\/Toyota-Yaris-Sedan-Red-16-300x200.jpg 300w,https:\/\/jgregstudio.com\/wp-content\/uploads\/2024\/06\/Toyota-Yaris-Sedan-Red-16-1024x684.jpg 1024w,https:\/\/jgregstudio.com\/wp-content\/uploads\/2024\/06\/Toyota-Yaris-Sedan-Red-16-scaled.jpg 2560w\" sizes=\"auto, 250px\"\/><\/a><\/div><div class=\"sgb-item\"><a href=\"https:\/\/jgregstudio.com\/es\/toyota-yaris-sedan-red-11\/\" target=\"_blank\"><img decoding=\"async\" alt=\"\" width=\"300\" height=\"200\" loading=\"lazy\" src=\"https:\/\/jgregstudio.com\/wp-content\/uploads\/2024\/06\/Toyota-Yaris-Sedan-Red-11-300x200.jpg\" srcset=\"https:\/\/jgregstudio.com\/wp-content\/uploads\/2024\/06\/Toyota-Yaris-Sedan-Red-11-300x200.jpg 300w,https:\/\/jgregstudio.com\/wp-content\/uploads\/2024\/06\/Toyota-Yaris-Sedan-Red-11-1024x684.jpg 1024w,https:\/\/jgregstudio.com\/wp-content\/uploads\/2024\/06\/Toyota-Yaris-Sedan-Red-11-scaled.jpg 2560w\" sizes=\"auto, 250px\"\/><\/a><\/div><div class=\"sgb-item\"><a href=\"https:\/\/jgregstudio.com\/es\/toyota-yaris-sedan-red-18\/\" target=\"_blank\"><img decoding=\"async\" alt=\"\" width=\"300\" height=\"200\" loading=\"lazy\" src=\"https:\/\/jgregstudio.com\/wp-content\/uploads\/2024\/06\/Toyota-Yaris-Sedan-Red-18-300x200.jpg\" srcset=\"https:\/\/jgregstudio.com\/wp-content\/uploads\/2024\/06\/Toyota-Yaris-Sedan-Red-18-300x200.jpg 300w,https:\/\/jgregstudio.com\/wp-content\/uploads\/2024\/06\/Toyota-Yaris-Sedan-Red-18-1024x684.jpg 1024w,https:\/\/jgregstudio.com\/wp-content\/uploads\/2024\/06\/Toyota-Yaris-Sedan-Red-18-scaled.jpg 2560w\" sizes=\"auto, 250px\"\/><\/a><\/div><div class=\"sgb-item\"><a href=\"https:\/\/jgregstudio.com\/es\/toyota-yaris-sedan-red-19\/\" target=\"_blank\"><img decoding=\"async\" alt=\"\" width=\"300\" height=\"200\" loading=\"lazy\" src=\"https:\/\/jgregstudio.com\/wp-content\/uploads\/2024\/06\/Toyota-Yaris-Sedan-Red-19-300x200.jpg\" srcset=\"https:\/\/jgregstudio.com\/wp-content\/uploads\/2024\/06\/Toyota-Yaris-Sedan-Red-19-300x200.jpg 300w,https:\/\/jgregstudio.com\/wp-content\/uploads\/2024\/06\/Toyota-Yaris-Sedan-Red-19-1024x684.jpg 1024w,https:\/\/jgregstudio.com\/wp-content\/uploads\/2024\/06\/Toyota-Yaris-Sedan-Red-19-scaled.jpg 2560w\" sizes=\"auto, 250px\"\/><\/a><\/div><\/div><\/div><script type=\"application\/json\" class=\"sgb-data\">{\"collectionColumns\":5,\"collectionThumbRecomendedWidth\":150,\"thumbSpacing\":0,\"collectionThumbSubMenuDownload\":false,\"galleryType\":\"pgc_sgb_grid\",\"galleryId\":\"41583533\",\"images\":[{\"id\":178,\"title\":\"Toyota Yaris Sedan Red 1\",\"url\":\"https:\/\/jgregstudio.com\/wp-content\/uploads\/2024\/06\/Toyota-Yaris-Sedan-Red-1-scaled.jpg\",\"link\":\"https:\/\/jgregstudio.com\/toyota-yaris-sedan-red-1\/\",\"alt\":\"\",\"description\":\"\",\"caption\":\"\",\"mime\":\"image\/jpeg\",\"type\":\"image\",\"width\":2560,\"height\":1709,\"sizes\":{\"thumbnail\":{\"height\":150,\"width\":150,\"url\":\"https:\/\/jgregstudio.com\/wp-content\/uploads\/2024\/06\/Toyota-Yaris-Sedan-Red-1-150x150.jpg\",\"orientation\":\"landscape\"},\"medium\":{\"height\":200,\"width\":300,\"url\":\"https:\/\/jgregstudio.com\/wp-content\/uploads\/2024\/06\/Toyota-Yaris-Sedan-Red-1-300x200.jpg\",\"orientation\":\"landscape\"},\"large\":{\"height\":684,\"width\":1024,\"url\":\"https:\/\/jgregstudio.com\/wp-content\/uploads\/2024\/06\/Toyota-Yaris-Sedan-Red-1-1024x684.jpg\",\"orientation\":\"landscape\"},\"full\":{\"url\":\"https:\/\/jgregstudio.com\/wp-content\/uploads\/2024\/06\/Toyota-Yaris-Sedan-Red-1-scaled.jpg\",\"height\":1709,\"width\":2560,\"orientation\":\"landscape\"}},\"imageMeta\":{\"aperture\":\"7.1\",\"credit\":\"\",\"camera\":\"NIKON D750\",\"caption\":\"\",\"created_timestamp\":\"1642849442\",\"copyright\":\"\",\"focal_length\":\"70\",\"iso\":\"800\",\"shutter_speed\":\"0.05\",\"title\":\"\",\"orientation\":\"1\",\"keywords\":[]},\"meta\":false,\"postlink\":\"https:\/\/jgregstudio.com\/toyota-yaris-sedan-red-1\/\"},{\"id\":179,\"title\":\"Toyota Yaris Sedan Red 2\",\"url\":\"https:\/\/jgregstudio.com\/wp-content\/uploads\/2024\/06\/Toyota-Yaris-Sedan-Red-2-scaled.jpg\",\"link\":\"https:\/\/jgregstudio.com\/toyota-yaris-sedan-red-2\/\",\"alt\":\"\",\"description\":\"\",\"caption\":\"\",\"mime\":\"image\/jpeg\",\"type\":\"image\",\"width\":2560,\"height\":1709,\"sizes\":{\"thumbnail\":{\"height\":150,\"width\":150,\"url\":\"https:\/\/jgregstudio.com\/wp-content\/uploads\/2024\/06\/Toyota-Yaris-Sedan-Red-2-150x150.jpg\",\"orientation\":\"landscape\"},\"medium\":{\"height\":200,\"width\":300,\"url\":\"https:\/\/jgregstudio.com\/wp-content\/uploads\/2024\/06\/Toyota-Yaris-Sedan-Red-2-300x200.jpg\",\"orientation\":\"landscape\"},\"large\":{\"height\":684,\"width\":1024,\"url\":\"https:\/\/jgregstudio.com\/wp-content\/uploads\/2024\/06\/Toyota-Yaris-Sedan-Red-2-1024x684.jpg\",\"orientation\":\"landscape\"},\"full\":{\"url\":\"https:\/\/jgregstudio.com\/wp-content\/uploads\/2024\/06\/Toyota-Yaris-Sedan-Red-2-scaled.jpg\",\"height\":1709,\"width\":2560,\"orientation\":\"landscape\"}},\"imageMeta\":{\"aperture\":\"8\",\"credit\":\"\",\"camera\":\"NIKON D750\",\"caption\":\"\",\"created_timestamp\":\"1642855826\",\"copyright\":\"\",\"focal_length\":\"50\",\"iso\":\"1600\",\"shutter_speed\":\"0.05\",\"title\":\"\",\"orientation\":\"1\",\"keywords\":[]},\"meta\":false,\"postlink\":\"https:\/\/jgregstudio.com\/toyota-yaris-sedan-red-2\/\"},{\"id\":180,\"title\":\"Toyota Yaris Sedan Red 3\",\"url\":\"https:\/\/jgregstudio.com\/wp-content\/uploads\/2024\/06\/Toyota-Yaris-Sedan-Red-3-scaled.jpg\",\"link\":\"https:\/\/jgregstudio.com\/toyota-yaris-sedan-red-3\/\",\"alt\":\"\",\"description\":\"\",\"caption\":\"\",\"mime\":\"image\/jpeg\",\"type\":\"image\",\"width\":2560,\"height\":1709,\"sizes\":{\"thumbnail\":{\"height\":150,\"width\":150,\"url\":\"https:\/\/jgregstudio.com\/wp-content\/uploads\/2024\/06\/Toyota-Yaris-Sedan-Red-3-150x150.jpg\",\"orientation\":\"landscape\"},\"medium\":{\"height\":200,\"width\":300,\"url\":\"https:\/\/jgregstudio.com\/wp-content\/uploads\/2024\/06\/Toyota-Yaris-Sedan-Red-3-300x200.jpg\",\"orientation\":\"landscape\"},\"large\":{\"height\":684,\"width\":1024,\"url\":\"https:\/\/jgregstudio.com\/wp-content\/uploads\/2024\/06\/Toyota-Yaris-Sedan-Red-3-1024x684.jpg\",\"orientation\":\"landscape\"},\"full\":{\"url\":\"https:\/\/jgregstudio.com\/wp-content\/uploads\/2024\/06\/Toyota-Yaris-Sedan-Red-3-scaled.jpg\",\"height\":1709,\"width\":2560,\"orientation\":\"landscape\"}},\"imageMeta\":{\"aperture\":\"8\",\"credit\":\"\",\"camera\":\"NIKON D750\",\"caption\":\"\",\"created_timestamp\":\"1642859717\",\"copyright\":\"\",\"focal_length\":\"50\",\"iso\":\"1600\",\"shutter_speed\":\"0.125\",\"title\":\"\",\"orientation\":\"1\",\"keywords\":[]},\"meta\":false,\"postlink\":\"https:\/\/jgregstudio.com\/toyota-yaris-sedan-red-3\/\"},{\"id\":181,\"title\":\"Toyota Yaris Sedan Red 4\",\"url\":\"https:\/\/jgregstudio.com\/wp-content\/uploads\/2024\/06\/Toyota-Yaris-Sedan-Red-4-scaled.jpg\",\"link\":\"https:\/\/jgregstudio.com\/toyota-yaris-sedan-red-4\/\",\"alt\":\"\",\"description\":\"\",\"caption\":\"\",\"mime\":\"image\/jpeg\",\"type\":\"image\",\"width\":2560,\"height\":1709,\"sizes\":{\"thumbnail\":{\"height\":150,\"width\":150,\"url\":\"https:\/\/jgregstudio.com\/wp-content\/uploads\/2024\/06\/Toyota-Yaris-Sedan-Red-4-150x150.jpg\",\"orientation\":\"landscape\"},\"medium\":{\"height\":200,\"width\":300,\"url\":\"https:\/\/jgregstudio.com\/wp-content\/uploads\/2024\/06\/Toyota-Yaris-Sedan-Red-4-300x200.jpg\",\"orientation\":\"landscape\"},\"large\":{\"height\":684,\"width\":1024,\"url\":\"https:\/\/jgregstudio.com\/wp-content\/uploads\/2024\/06\/Toyota-Yaris-Sedan-Red-4-1024x684.jpg\",\"orientation\":\"landscape\"},\"full\":{\"url\":\"https:\/\/jgregstudio.com\/wp-content\/uploads\/2024\/06\/Toyota-Yaris-Sedan-Red-4-scaled.jpg\",\"height\":1709,\"width\":2560,\"orientation\":\"landscape\"}},\"imageMeta\":{\"aperture\":\"8\",\"credit\":\"\",\"camera\":\"NIKON D750\",\"caption\":\"\",\"created_timestamp\":\"1642862368\",\"copyright\":\"\",\"focal_length\":\"50\",\"iso\":\"1600\",\"shutter_speed\":\"0.066666666666667\",\"title\":\"\",\"orientation\":\"1\",\"keywords\":[]},\"meta\":false,\"postlink\":\"https:\/\/jgregstudio.com\/toyota-yaris-sedan-red-4\/\"},{\"id\":182,\"title\":\"Toyota Yaris Sedan Red 5\",\"url\":\"https:\/\/jgregstudio.com\/wp-content\/uploads\/2024\/06\/Toyota-Yaris-Sedan-Red-5-scaled.jpg\",\"link\":\"https:\/\/jgregstudio.com\/toyota-yaris-sedan-red-5\/\",\"alt\":\"\",\"description\":\"\",\"caption\":\"\",\"mime\":\"image\/jpeg\",\"type\":\"image\",\"width\":2560,\"height\":1709,\"sizes\":{\"thumbnail\":{\"height\":150,\"width\":150,\"url\":\"https:\/\/jgregstudio.com\/wp-content\/uploads\/2024\/06\/Toyota-Yaris-Sedan-Red-5-150x150.jpg\",\"orientation\":\"landscape\"},\"medium\":{\"height\":200,\"width\":300,\"url\":\"https:\/\/jgregstudio.com\/wp-content\/uploads\/2024\/06\/Toyota-Yaris-Sedan-Red-5-300x200.jpg\",\"orientation\":\"landscape\"},\"large\":{\"height\":684,\"width\":1024,\"url\":\"https:\/\/jgregstudio.com\/wp-content\/uploads\/2024\/06\/Toyota-Yaris-Sedan-Red-5-1024x684.jpg\",\"orientation\":\"landscape\"},\"full\":{\"url\":\"https:\/\/jgregstudio.com\/wp-content\/uploads\/2024\/06\/Toyota-Yaris-Sedan-Red-5-scaled.jpg\",\"height\":1709,\"width\":2560,\"orientation\":\"landscape\"}},\"imageMeta\":{\"aperture\":\"8\",\"credit\":\"\",\"camera\":\"NIKON D750\",\"caption\":\"\",\"created_timestamp\":\"1642863435\",\"copyright\":\"\",\"focal_length\":\"130\",\"iso\":\"1600\",\"shutter_speed\":\"0.066666666666667\",\"title\":\"\",\"orientation\":\"1\",\"keywords\":[]},\"meta\":false,\"postlink\":\"https:\/\/jgregstudio.com\/toyota-yaris-sedan-red-5\/\"},{\"id\":183,\"title\":\"Toyota Yaris Sedan Red 6\",\"url\":\"https:\/\/jgregstudio.com\/wp-content\/uploads\/2024\/06\/Toyota-Yaris-Sedan-Red-6-scaled.jpg\",\"link\":\"https:\/\/jgregstudio.com\/toyota-yaris-sedan-red-6\/\",\"alt\":\"\",\"description\":\"\",\"caption\":\"\",\"mime\":\"image\/jpeg\",\"type\":\"image\",\"width\":2560,\"height\":1707,\"sizes\":{\"thumbnail\":{\"height\":150,\"width\":150,\"url\":\"https:\/\/jgregstudio.com\/wp-content\/uploads\/2024\/06\/Toyota-Yaris-Sedan-Red-6-150x150.jpg\",\"orientation\":\"landscape\"},\"medium\":{\"height\":200,\"width\":300,\"url\":\"https:\/\/jgregstudio.com\/wp-content\/uploads\/2024\/06\/Toyota-Yaris-Sedan-Red-6-300x200.jpg\",\"orientation\":\"landscape\"},\"large\":{\"height\":683,\"width\":1024,\"url\":\"https:\/\/jgregstudio.com\/wp-content\/uploads\/2024\/06\/Toyota-Yaris-Sedan-Red-6-1024x683.jpg\",\"orientation\":\"landscape\"},\"full\":{\"url\":\"https:\/\/jgregstudio.com\/wp-content\/uploads\/2024\/06\/Toyota-Yaris-Sedan-Red-6-scaled.jpg\",\"height\":1707,\"width\":2560,\"orientation\":\"landscape\"}},\"imageMeta\":{\"aperture\":\"0\",\"credit\":\"\",\"camera\":\"\",\"caption\":\"\",\"created_timestamp\":\"0\",\"copyright\":\"\",\"focal_length\":\"0\",\"iso\":\"0\",\"shutter_speed\":\"0\",\"title\":\"\",\"orientation\":\"0\",\"keywords\":[]},\"meta\":false,\"postlink\":\"https:\/\/jgregstudio.com\/toyota-yaris-sedan-red-6\/\"},{\"id\":184,\"title\":\"Toyota Yaris Sedan Red 7\",\"url\":\"https:\/\/jgregstudio.com\/wp-content\/uploads\/2024\/06\/Toyota-Yaris-Sedan-Red-7-scaled.jpg\",\"link\":\"https:\/\/jgregstudio.com\/toyota-yaris-sedan-red-7\/\",\"alt\":\"\",\"description\":\"\",\"caption\":\"\",\"mime\":\"image\/jpeg\",\"type\":\"image\",\"width\":2560,\"height\":1709,\"sizes\":{\"thumbnail\":{\"height\":150,\"width\":150,\"url\":\"https:\/\/jgregstudio.com\/wp-content\/uploads\/2024\/06\/Toyota-Yaris-Sedan-Red-7-150x150.jpg\",\"orientation\":\"landscape\"},\"medium\":{\"height\":200,\"width\":300,\"url\":\"https:\/\/jgregstudio.com\/wp-content\/uploads\/2024\/06\/Toyota-Yaris-Sedan-Red-7-300x200.jpg\",\"orientation\":\"landscape\"},\"large\":{\"height\":684,\"width\":1024,\"url\":\"https:\/\/jgregstudio.com\/wp-content\/uploads\/2024\/06\/Toyota-Yaris-Sedan-Red-7-1024x684.jpg\",\"orientation\":\"landscape\"},\"full\":{\"url\":\"https:\/\/jgregstudio.com\/wp-content\/uploads\/2024\/06\/Toyota-Yaris-Sedan-Red-7-scaled.jpg\",\"height\":1709,\"width\":2560,\"orientation\":\"landscape\"}},\"imageMeta\":{\"aperture\":\"0\",\"credit\":\"\",\"camera\":\"\",\"caption\":\"\",\"created_timestamp\":\"0\",\"copyright\":\"\",\"focal_length\":\"0\",\"iso\":\"0\",\"shutter_speed\":\"0\",\"title\":\"\",\"orientation\":\"0\",\"keywords\":[]},\"meta\":false,\"postlink\":\"https:\/\/jgregstudio.com\/toyota-yaris-sedan-red-7\/\"},{\"id\":185,\"title\":\"Toyota Yaris Sedan Red 8\",\"url\":\"https:\/\/jgregstudio.com\/wp-content\/uploads\/2024\/06\/Toyota-Yaris-Sedan-Red-8-scaled.jpg\",\"link\":\"https:\/\/jgregstudio.com\/toyota-yaris-sedan-red-8\/\",\"alt\":\"\",\"description\":\"\",\"caption\":\"\",\"mime\":\"image\/jpeg\",\"type\":\"image\",\"width\":2560,\"height\":1709,\"sizes\":{\"thumbnail\":{\"height\":150,\"width\":150,\"url\":\"https:\/\/jgregstudio.com\/wp-content\/uploads\/2024\/06\/Toyota-Yaris-Sedan-Red-8-150x150.jpg\",\"orientation\":\"landscape\"},\"medium\":{\"height\":200,\"width\":300,\"url\":\"https:\/\/jgregstudio.com\/wp-content\/uploads\/2024\/06\/Toyota-Yaris-Sedan-Red-8-300x200.jpg\",\"orientation\":\"landscape\"},\"large\":{\"height\":684,\"width\":1024,\"url\":\"https:\/\/jgregstudio.com\/wp-content\/uploads\/2024\/06\/Toyota-Yaris-Sedan-Red-8-1024x684.jpg\",\"orientation\":\"landscape\"},\"full\":{\"url\":\"https:\/\/jgregstudio.com\/wp-content\/uploads\/2024\/06\/Toyota-Yaris-Sedan-Red-8-scaled.jpg\",\"height\":1709,\"width\":2560,\"orientation\":\"landscape\"}},\"imageMeta\":{\"aperture\":\"0\",\"credit\":\"\",\"camera\":\"\",\"caption\":\"\",\"created_timestamp\":\"0\",\"copyright\":\"\",\"focal_length\":\"0\",\"iso\":\"0\",\"shutter_speed\":\"0\",\"title\":\"\",\"orientation\":\"0\",\"keywords\":[]},\"meta\":false,\"postlink\":\"https:\/\/jgregstudio.com\/toyota-yaris-sedan-red-8\/\"},{\"id\":186,\"title\":\"Toyota Yaris Sedan Red 9\",\"url\":\"https:\/\/jgregstudio.com\/wp-content\/uploads\/2024\/06\/Toyota-Yaris-Sedan-Red-9-scaled.jpg\",\"link\":\"https:\/\/jgregstudio.com\/toyota-yaris-sedan-red-9\/\",\"alt\":\"\",\"description\":\"\",\"caption\":\"\",\"mime\":\"image\/jpeg\",\"type\":\"image\",\"width\":2560,\"height\":1709,\"sizes\":{\"thumbnail\":{\"height\":150,\"width\":150,\"url\":\"https:\/\/jgregstudio.com\/wp-content\/uploads\/2024\/06\/Toyota-Yaris-Sedan-Red-9-150x150.jpg\",\"orientation\":\"landscape\"},\"medium\":{\"height\":200,\"width\":300,\"url\":\"https:\/\/jgregstudio.com\/wp-content\/uploads\/2024\/06\/Toyota-Yaris-Sedan-Red-9-300x200.jpg\",\"orientation\":\"landscape\"},\"large\":{\"height\":684,\"width\":1024,\"url\":\"https:\/\/jgregstudio.com\/wp-content\/uploads\/2024\/06\/Toyota-Yaris-Sedan-Red-9-1024x684.jpg\",\"orientation\":\"landscape\"},\"full\":{\"url\":\"https:\/\/jgregstudio.com\/wp-content\/uploads\/2024\/06\/Toyota-Yaris-Sedan-Red-9-scaled.jpg\",\"height\":1709,\"width\":2560,\"orientation\":\"landscape\"}},\"imageMeta\":{\"aperture\":\"0\",\"credit\":\"\",\"camera\":\"\",\"caption\":\"\",\"created_timestamp\":\"0\",\"copyright\":\"\",\"focal_length\":\"0\",\"iso\":\"0\",\"shutter_speed\":\"0\",\"title\":\"\",\"orientation\":\"0\",\"keywords\":[]},\"meta\":false,\"postlink\":\"https:\/\/jgregstudio.com\/toyota-yaris-sedan-red-9\/\"},{\"id\":187,\"title\":\"Toyota Yaris Sedan Red 10\",\"url\":\"https:\/\/jgregstudio.com\/wp-content\/uploads\/2024\/06\/Toyota-Yaris-Sedan-Red-10-scaled.jpg\",\"link\":\"https:\/\/jgregstudio.com\/toyota-yaris-sedan-red-10\/\",\"alt\":\"\",\"description\":\"\",\"caption\":\"\",\"mime\":\"image\/jpeg\",\"type\":\"image\",\"width\":2560,\"height\":1709,\"sizes\":{\"thumbnail\":{\"height\":150,\"width\":150,\"url\":\"https:\/\/jgregstudio.com\/wp-content\/uploads\/2024\/06\/Toyota-Yaris-Sedan-Red-10-150x150.jpg\",\"orientation\":\"landscape\"},\"medium\":{\"height\":200,\"width\":300,\"url\":\"https:\/\/jgregstudio.com\/wp-content\/uploads\/2024\/06\/Toyota-Yaris-Sedan-Red-10-300x200.jpg\",\"orientation\":\"landscape\"},\"large\":{\"height\":684,\"width\":1024,\"url\":\"https:\/\/jgregstudio.com\/wp-content\/uploads\/2024\/06\/Toyota-Yaris-Sedan-Red-10-1024x684.jpg\",\"orientation\":\"landscape\"},\"full\":{\"url\":\"https:\/\/jgregstudio.com\/wp-content\/uploads\/2024\/06\/Toyota-Yaris-Sedan-Red-10-scaled.jpg\",\"height\":1709,\"width\":2560,\"orientation\":\"landscape\"}},\"imageMeta\":{\"aperture\":\"0\",\"credit\":\"\",\"camera\":\"\",\"caption\":\"\",\"created_timestamp\":\"0\",\"copyright\":\"\",\"focal_length\":\"0\",\"iso\":\"0\",\"shutter_speed\":\"0\",\"title\":\"\",\"orientation\":\"0\",\"keywords\":[]},\"meta\":false,\"postlink\":\"https:\/\/jgregstudio.com\/toyota-yaris-sedan-red-10\/\"},{\"id\":171,\"title\":\"Toyota Yaris Sedan Red 23\",\"url\":\"https:\/\/jgregstudio.com\/wp-content\/uploads\/2024\/06\/Toyota-Yaris-Sedan-Red-23-scaled.jpg\",\"link\":\"https:\/\/jgregstudio.com\/toyota-yaris-sedan-red-23\/\",\"alt\":\"\",\"description\":\"\",\"caption\":\"\",\"mime\":\"image\/jpeg\",\"type\":\"image\",\"width\":2560,\"height\":1709,\"sizes\":{\"thumbnail\":{\"height\":150,\"width\":150,\"url\":\"https:\/\/jgregstudio.com\/wp-content\/uploads\/2024\/06\/Toyota-Yaris-Sedan-Red-23-150x150.jpg\",\"orientation\":\"landscape\"},\"medium\":{\"height\":200,\"width\":300,\"url\":\"https:\/\/jgregstudio.com\/wp-content\/uploads\/2024\/06\/Toyota-Yaris-Sedan-Red-23-300x200.jpg\",\"orientation\":\"landscape\"},\"large\":{\"height\":684,\"width\":1024,\"url\":\"https:\/\/jgregstudio.com\/wp-content\/uploads\/2024\/06\/Toyota-Yaris-Sedan-Red-23-1024x684.jpg\",\"orientation\":\"landscape\"},\"full\":{\"url\":\"https:\/\/jgregstudio.com\/wp-content\/uploads\/2024\/06\/Toyota-Yaris-Sedan-Red-23-scaled.jpg\",\"height\":1709,\"width\":2560,\"orientation\":\"landscape\"}},\"imageMeta\":{\"aperture\":\"4.5\",\"credit\":\"\",\"camera\":\"NIKON D750\",\"caption\":\"\",\"created_timestamp\":\"1642898490\",\"copyright\":\"\",\"focal_length\":\"200\",\"iso\":\"1600\",\"shutter_speed\":\"0.008\",\"title\":\"\",\"orientation\":\"0\",\"keywords\":[]},\"meta\":false,\"postlink\":\"https:\/\/jgregstudio.com\/toyota-yaris-sedan-red-23\/\"},{\"id\":164,\"title\":\"Toyota Yaris Sedan Red 16\",\"url\":\"https:\/\/jgregstudio.com\/wp-content\/uploads\/2024\/06\/Toyota-Yaris-Sedan-Red-16-scaled.jpg\",\"link\":\"https:\/\/jgregstudio.com\/toyota-yaris-sedan-red-16\/\",\"alt\":\"\",\"description\":\"\",\"caption\":\"\",\"mime\":\"image\/jpeg\",\"type\":\"image\",\"width\":2560,\"height\":1709,\"sizes\":{\"thumbnail\":{\"height\":150,\"width\":150,\"url\":\"https:\/\/jgregstudio.com\/wp-content\/uploads\/2024\/06\/Toyota-Yaris-Sedan-Red-16-150x150.jpg\",\"orientation\":\"landscape\"},\"medium\":{\"height\":200,\"width\":300,\"url\":\"https:\/\/jgregstudio.com\/wp-content\/uploads\/2024\/06\/Toyota-Yaris-Sedan-Red-16-300x200.jpg\",\"orientation\":\"landscape\"},\"large\":{\"height\":684,\"width\":1024,\"url\":\"https:\/\/jgregstudio.com\/wp-content\/uploads\/2024\/06\/Toyota-Yaris-Sedan-Red-16-1024x684.jpg\",\"orientation\":\"landscape\"},\"full\":{\"url\":\"https:\/\/jgregstudio.com\/wp-content\/uploads\/2024\/06\/Toyota-Yaris-Sedan-Red-16-scaled.jpg\",\"height\":1709,\"width\":2560,\"orientation\":\"landscape\"}},\"imageMeta\":{\"aperture\":\"4.5\",\"credit\":\"\",\"camera\":\"NIKON D750\",\"caption\":\"\",\"created_timestamp\":\"1642898361\",\"copyright\":\"\",\"focal_length\":\"140\",\"iso\":\"1600\",\"shutter_speed\":\"0.008\",\"title\":\"\",\"orientation\":\"0\",\"keywords\":[]},\"meta\":false,\"postlink\":\"https:\/\/jgregstudio.com\/toyota-yaris-sedan-red-16\/\"},{\"id\":159,\"title\":\"Toyota Yaris Sedan Red 11\",\"url\":\"https:\/\/jgregstudio.com\/wp-content\/uploads\/2024\/06\/Toyota-Yaris-Sedan-Red-11-scaled.jpg\",\"link\":\"https:\/\/jgregstudio.com\/toyota-yaris-sedan-red-11\/\",\"alt\":\"\",\"description\":\"\",\"caption\":\"\",\"mime\":\"image\/jpeg\",\"type\":\"image\",\"width\":2560,\"height\":1709,\"sizes\":{\"thumbnail\":{\"height\":150,\"width\":150,\"url\":\"https:\/\/jgregstudio.com\/wp-content\/uploads\/2024\/06\/Toyota-Yaris-Sedan-Red-11-150x150.jpg\",\"orientation\":\"landscape\"},\"medium\":{\"height\":200,\"width\":300,\"url\":\"https:\/\/jgregstudio.com\/wp-content\/uploads\/2024\/06\/Toyota-Yaris-Sedan-Red-11-300x200.jpg\",\"orientation\":\"landscape\"},\"large\":{\"height\":684,\"width\":1024,\"url\":\"https:\/\/jgregstudio.com\/wp-content\/uploads\/2024\/06\/Toyota-Yaris-Sedan-Red-11-1024x684.jpg\",\"orientation\":\"landscape\"},\"full\":{\"url\":\"https:\/\/jgregstudio.com\/wp-content\/uploads\/2024\/06\/Toyota-Yaris-Sedan-Red-11-scaled.jpg\",\"height\":1709,\"width\":2560,\"orientation\":\"landscape\"}},\"imageMeta\":{\"aperture\":\"0\",\"credit\":\"\",\"camera\":\"\",\"caption\":\"\",\"created_timestamp\":\"0\",\"copyright\":\"\",\"focal_length\":\"0\",\"iso\":\"0\",\"shutter_speed\":\"0\",\"title\":\"\",\"orientation\":\"0\",\"keywords\":[]},\"meta\":false,\"postlink\":\"https:\/\/jgregstudio.com\/toyota-yaris-sedan-red-11\/\"},{\"id\":166,\"title\":\"Toyota Yaris Sedan Red 18\",\"url\":\"https:\/\/jgregstudio.com\/wp-content\/uploads\/2024\/06\/Toyota-Yaris-Sedan-Red-18-scaled.jpg\",\"link\":\"https:\/\/jgregstudio.com\/toyota-yaris-sedan-red-18\/\",\"alt\":\"\",\"description\":\"\",\"caption\":\"\",\"mime\":\"image\/jpeg\",\"type\":\"image\",\"width\":2560,\"height\":1709,\"sizes\":{\"thumbnail\":{\"height\":150,\"width\":150,\"url\":\"https:\/\/jgregstudio.com\/wp-content\/uploads\/2024\/06\/Toyota-Yaris-Sedan-Red-18-150x150.jpg\",\"orientation\":\"landscape\"},\"medium\":{\"height\":200,\"width\":300,\"url\":\"https:\/\/jgregstudio.com\/wp-content\/uploads\/2024\/06\/Toyota-Yaris-Sedan-Red-18-300x200.jpg\",\"orientation\":\"landscape\"},\"large\":{\"height\":684,\"width\":1024,\"url\":\"https:\/\/jgregstudio.com\/wp-content\/uploads\/2024\/06\/Toyota-Yaris-Sedan-Red-18-1024x684.jpg\",\"orientation\":\"landscape\"},\"full\":{\"url\":\"https:\/\/jgregstudio.com\/wp-content\/uploads\/2024\/06\/Toyota-Yaris-Sedan-Red-18-scaled.jpg\",\"height\":1709,\"width\":2560,\"orientation\":\"landscape\"}},\"imageMeta\":{\"aperture\":\"4.5\",\"credit\":\"\",\"camera\":\"NIKON D750\",\"caption\":\"\",\"created_timestamp\":\"1642898629\",\"copyright\":\"\",\"focal_length\":\"200\",\"iso\":\"1600\",\"shutter_speed\":\"0.008\",\"title\":\"\",\"orientation\":\"0\",\"keywords\":[]},\"meta\":false,\"postlink\":\"https:\/\/jgregstudio.com\/toyota-yaris-sedan-red-18\/\"},{\"id\":167,\"title\":\"Toyota Yaris Sedan Red 19\",\"url\":\"https:\/\/jgregstudio.com\/wp-content\/uploads\/2024\/06\/Toyota-Yaris-Sedan-Red-19-scaled.jpg\",\"link\":\"https:\/\/jgregstudio.com\/toyota-yaris-sedan-red-19\/\",\"alt\":\"\",\"description\":\"\",\"caption\":\"\",\"mime\":\"image\/jpeg\",\"type\":\"image\",\"width\":2560,\"height\":1709,\"sizes\":{\"thumbnail\":{\"height\":150,\"width\":150,\"url\":\"https:\/\/jgregstudio.com\/wp-content\/uploads\/2024\/06\/Toyota-Yaris-Sedan-Red-19-150x150.jpg\",\"orientation\":\"landscape\"},\"medium\":{\"height\":200,\"width\":300,\"url\":\"https:\/\/jgregstudio.com\/wp-content\/uploads\/2024\/06\/Toyota-Yaris-Sedan-Red-19-300x200.jpg\",\"orientation\":\"landscape\"},\"large\":{\"height\":684,\"width\":1024,\"url\":\"https:\/\/jgregstudio.com\/wp-content\/uploads\/2024\/06\/Toyota-Yaris-Sedan-Red-19-1024x684.jpg\",\"orientation\":\"landscape\"},\"full\":{\"url\":\"https:\/\/jgregstudio.com\/wp-content\/uploads\/2024\/06\/Toyota-Yaris-Sedan-Red-19-scaled.jpg\",\"height\":1709,\"width\":2560,\"orientation\":\"landscape\"}},\"imageMeta\":{\"aperture\":\"0\",\"credit\":\"\",\"camera\":\"\",\"caption\":\"\",\"created_timestamp\":\"0\",\"copyright\":\"\",\"focal_length\":\"0\",\"iso\":\"0\",\"shutter_speed\":\"0\",\"title\":\"\",\"orientation\":\"0\",\"keywords\":[]},\"meta\":false,\"postlink\":\"https:\/\/jgregstudio.com\/toyota-yaris-sedan-red-19\/\"}],\"sliderItemDownload\":false,\"TrpContentRestriction\":{\"restriction_type\":\"exclude\",\"selected_languages\":[],\"panel_open\":true},\"itemsMetaDataCollection\":[]}<\/script><script>(function(){if(window.PGC_SGB && window.PGC_SGB.searcher){window.PGC_SGB.searcher.initBlocks()}})()<\/script><\/div>\n\n\n<p class=\"has-cyan-bluish-gray-color has-text-color has-link-color has-small-font-size wp-elements-9197b026d96f8374888a9d268f73beef\">En colaboraci\u00f3n con la Productora Grabbit.<\/p>","protected":false},"excerpt":{"rendered":"<p>A spectacular photo shoot that highlighted the aesthetics of the car both inside and out, the photos were amazing in this project, turning each photo into works of art that celebrate the beauty, power and engineering of Toyota. In collaboration with Grabbit Production Company.<\/p>","protected":false},"featured_media":178,"template":"","filters":[6],"class_list":["post-428","portfolio","type-portfolio","status-publish","has-post-thumbnail","hentry","filters-cars","has-thumbnail"],"yoast_head":"<!-- This site is optimized with the Yoast SEO plugin v25.3.1 - https:\/\/yoast.com\/wordpress\/plugins\/seo\/ -->\n<title>Toyota Yaris Sedan 2023 Photographer Jose Mejia<\/title>\n<meta name=\"description\" content=\"A spectacular photo shoot that highlighted the aesthetics of the car both inside and out, the photos were amazing in this project...\" \/>\n<meta name=\"robots\" content=\"index, follow, max-snippet:-1, max-image-preview:large, max-video-preview:-1\" \/>\n<link rel=\"canonical\" href=\"https:\/\/jgregstudio.com\/es\/portfolio\/toyota-yaris-sedan-2023\/\" \/>\n<meta property=\"og:locale\" content=\"es_ES\" \/>\n<meta property=\"og:type\" content=\"article\" \/>\n<meta property=\"og:title\" content=\"Toyota Yaris Sedan 2023 Photographer Jose Mejia\" \/>\n<meta property=\"og:description\" content=\"A spectacular photo shoot that highlighted the aesthetics of the car both inside and out, the photos were amazing in this project...\" \/>\n<meta property=\"og:url\" content=\"https:\/\/jgregstudio.com\/es\/portfolio\/toyota-yaris-sedan-2023\/\" \/>\n<meta property=\"og:site_name\" content=\"Photographer Jose Mejia\" \/>\n<meta property=\"article:modified_time\" content=\"2024-06-13T13:11:00+00:00\" \/>\n<meta property=\"og:image\" content=\"https:\/\/jgregstudio.com\/wp-content\/uploads\/2024\/06\/Toyota-Yaris-Sedan-Red-1-scaled.jpg\" \/>\n\t<meta property=\"og:image:width\" content=\"2560\" \/>\n\t<meta property=\"og:image:height\" content=\"1709\" \/>\n\t<meta property=\"og:image:type\" content=\"image\/jpeg\" \/>\n<meta name=\"twitter:card\" content=\"summary_large_image\" \/>\n<meta name=\"twitter:label1\" content=\"Tiempo de lectura\" \/>\n\t<meta name=\"twitter:data1\" content=\"4 minutos\" \/>\n<script type=\"application\/ld+json\" class=\"yoast-schema-graph\">{\"@context\":\"https:\/\/schema.org\",\"@graph\":[{\"@type\":\"WebPage\",\"@id\":\"https:\/\/jgregstudio.com\/portfolio\/toyota-yaris-sedan-2023\/\",\"url\":\"https:\/\/jgregstudio.com\/portfolio\/toyota-yaris-sedan-2023\/\",\"name\":\"Toyota Yaris Sedan 2023 Photographer Jose Mejia\",\"isPartOf\":{\"@id\":\"https:\/\/jgregstudio.com\/#website\"},\"primaryImageOfPage\":{\"@id\":\"https:\/\/jgregstudio.com\/portfolio\/toyota-yaris-sedan-2023\/#primaryimage\"},\"image\":{\"@id\":\"https:\/\/jgregstudio.com\/portfolio\/toyota-yaris-sedan-2023\/#primaryimage\"},\"thumbnailUrl\":\"https:\/\/jgregstudio.com\/wp-content\/uploads\/2024\/06\/Toyota-Yaris-Sedan-Red-1-scaled.jpg\",\"datePublished\":\"2024-06-06T19:41:23+00:00\",\"dateModified\":\"2024-06-13T13:11:00+00:00\",\"description\":\"A spectacular photo shoot that highlighted the aesthetics of the car both inside and out, the photos were amazing in this project...\",\"breadcrumb\":{\"@id\":\"https:\/\/jgregstudio.com\/portfolio\/toyota-yaris-sedan-2023\/#breadcrumb\"},\"inLanguage\":\"es\",\"potentialAction\":[{\"@type\":\"ReadAction\",\"target\":[\"https:\/\/jgregstudio.com\/portfolio\/toyota-yaris-sedan-2023\/\"]}]},{\"@type\":\"ImageObject\",\"inLanguage\":\"es\",\"@id\":\"https:\/\/jgregstudio.com\/portfolio\/toyota-yaris-sedan-2023\/#primaryimage\",\"url\":\"https:\/\/jgregstudio.com\/wp-content\/uploads\/2024\/06\/Toyota-Yaris-Sedan-Red-1-scaled.jpg\",\"contentUrl\":\"https:\/\/jgregstudio.com\/wp-content\/uploads\/2024\/06\/Toyota-Yaris-Sedan-Red-1-scaled.jpg\",\"width\":2560,\"height\":1709},{\"@type\":\"BreadcrumbList\",\"@id\":\"https:\/\/jgregstudio.com\/portfolio\/toyota-yaris-sedan-2023\/#breadcrumb\",\"itemListElement\":[{\"@type\":\"ListItem\",\"position\":1,\"name\":\"Home\",\"item\":\"https:\/\/jgregstudio.com\/\"},{\"@type\":\"ListItem\",\"position\":2,\"name\":\"Portfolio\",\"item\":\"https:\/\/jgregstudio.com\/portfolio\/\"},{\"@type\":\"ListItem\",\"position\":3,\"name\":\"Toyota Yaris Sedan 2023\"}]},{\"@type\":\"WebSite\",\"@id\":\"https:\/\/jgregstudio.com\/#website\",\"url\":\"https:\/\/jgregstudio.com\/\",\"name\":\"Photographer Jose Mejia\",\"description\":\"Photographer Jose Mejia\",\"publisher\":{\"@id\":\"https:\/\/jgregstudio.com\/#\/schema\/person\/ad99edabfe4e13c5ba55e6b517dc6ed6\"},\"alternateName\":\"Photographer Jose Mejia\",\"potentialAction\":[{\"@type\":\"SearchAction\",\"target\":{\"@type\":\"EntryPoint\",\"urlTemplate\":\"https:\/\/jgregstudio.com\/?s={search_term_string}\"},\"query-input\":{\"@type\":\"PropertyValueSpecification\",\"valueRequired\":true,\"valueName\":\"search_term_string\"}}],\"inLanguage\":\"es\"},{\"@type\":[\"Person\",\"Organization\"],\"@id\":\"https:\/\/jgregstudio.com\/#\/schema\/person\/ad99edabfe4e13c5ba55e6b517dc6ed6\",\"name\":\"jgregstudio.com\",\"image\":{\"@type\":\"ImageObject\",\"inLanguage\":\"es\",\"@id\":\"https:\/\/jgregstudio.com\/#\/schema\/person\/image\/\",\"url\":\"https:\/\/jgregstudio.com\/wp-content\/uploads\/2024\/06\/apple-touch-icon-1.png\",\"contentUrl\":\"https:\/\/jgregstudio.com\/wp-content\/uploads\/2024\/06\/apple-touch-icon-1.png\",\"width\":180,\"height\":180,\"caption\":\"jgregstudio.com\"},\"logo\":{\"@id\":\"https:\/\/jgregstudio.com\/#\/schema\/person\/image\/\"},\"sameAs\":[\"https:\/\/jgregstudio.com\",\"https:\/\/www.instagram.com\/jgregph\/\"]}]}<\/script>\n<!-- \/ Yoast SEO plugin. -->","yoast_head_json":{"title":"Toyota Yaris Sedan 2023 Photographer Jose Mejia","description":"A spectacular photo shoot that highlighted the aesthetics of the car both inside and out, the photos were amazing in this project...","robots":{"index":"index","follow":"follow","max-snippet":"max-snippet:-1","max-image-preview":"max-image-preview:large","max-video-preview":"max-video-preview:-1"},"canonical":"https:\/\/jgregstudio.com\/es\/portfolio\/toyota-yaris-sedan-2023\/","og_locale":"es_ES","og_type":"article","og_title":"Toyota Yaris Sedan 2023 Photographer Jose Mejia","og_description":"A spectacular photo shoot that highlighted the aesthetics of the car both inside and out, the photos were amazing in this project...","og_url":"https:\/\/jgregstudio.com\/es\/portfolio\/toyota-yaris-sedan-2023\/","og_site_name":"Photographer Jose Mejia","article_modified_time":"2024-06-13T13:11:00+00:00","og_image":[{"width":2560,"height":1709,"url":"https:\/\/jgregstudio.com\/wp-content\/uploads\/2024\/06\/Toyota-Yaris-Sedan-Red-1-scaled.jpg","type":"image\/jpeg"}],"twitter_card":"summary_large_image","twitter_misc":{"Tiempo de lectura":"4 minutos"},"schema":{"@context":"https:\/\/schema.org","@graph":[{"@type":"WebPage","@id":"https:\/\/jgregstudio.com\/portfolio\/toyota-yaris-sedan-2023\/","url":"https:\/\/jgregstudio.com\/portfolio\/toyota-yaris-sedan-2023\/","name":"Toyota Yaris Sedan 2023 Photographer Jose Mejia","isPartOf":{"@id":"https:\/\/jgregstudio.com\/#website"},"primaryImageOfPage":{"@id":"https:\/\/jgregstudio.com\/portfolio\/toyota-yaris-sedan-2023\/#primaryimage"},"image":{"@id":"https:\/\/jgregstudio.com\/portfolio\/toyota-yaris-sedan-2023\/#primaryimage"},"thumbnailUrl":"https:\/\/jgregstudio.com\/wp-content\/uploads\/2024\/06\/Toyota-Yaris-Sedan-Red-1-scaled.jpg","datePublished":"2024-06-06T19:41:23+00:00","dateModified":"2024-06-13T13:11:00+00:00","description":"A spectacular photo shoot that highlighted the aesthetics of the car both inside and out, the photos were amazing in this project...","breadcrumb":{"@id":"https:\/\/jgregstudio.com\/portfolio\/toyota-yaris-sedan-2023\/#breadcrumb"},"inLanguage":"es","potentialAction":[{"@type":"ReadAction","target":["https:\/\/jgregstudio.com\/portfolio\/toyota-yaris-sedan-2023\/"]}]},{"@type":"ImageObject","inLanguage":"es","@id":"https:\/\/jgregstudio.com\/portfolio\/toyota-yaris-sedan-2023\/#primaryimage","url":"https:\/\/jgregstudio.com\/wp-content\/uploads\/2024\/06\/Toyota-Yaris-Sedan-Red-1-scaled.jpg","contentUrl":"https:\/\/jgregstudio.com\/wp-content\/uploads\/2024\/06\/Toyota-Yaris-Sedan-Red-1-scaled.jpg","width":2560,"height":1709},{"@type":"BreadcrumbList","@id":"https:\/\/jgregstudio.com\/portfolio\/toyota-yaris-sedan-2023\/#breadcrumb","itemListElement":[{"@type":"ListItem","position":1,"name":"Home","item":"https:\/\/jgregstudio.com\/"},{"@type":"ListItem","position":2,"name":"Portfolio","item":"https:\/\/jgregstudio.com\/portfolio\/"},{"@type":"ListItem","position":3,"name":"Toyota Yaris Sedan 2023"}]},{"@type":"WebSite","@id":"https:\/\/jgregstudio.com\/#website","url":"https:\/\/jgregstudio.com\/","name":"Photographer Jose Mejia","description":"Photographer Jose Mejia","publisher":{"@id":"https:\/\/jgregstudio.com\/#\/schema\/person\/ad99edabfe4e13c5ba55e6b517dc6ed6"},"alternateName":"Photographer Jose Mejia","potentialAction":[{"@type":"SearchAction","target":{"@type":"EntryPoint","urlTemplate":"https:\/\/jgregstudio.com\/?s={search_term_string}"},"query-input":{"@type":"PropertyValueSpecification","valueRequired":true,"valueName":"search_term_string"}}],"inLanguage":"es"},{"@type":["Person","Organization"],"@id":"https:\/\/jgregstudio.com\/#\/schema\/person\/ad99edabfe4e13c5ba55e6b517dc6ed6","name":"jgregstudio.com","image":{"@type":"ImageObject","inLanguage":"es","@id":"https:\/\/jgregstudio.com\/#\/schema\/person\/image\/","url":"https:\/\/jgregstudio.com\/wp-content\/uploads\/2024\/06\/apple-touch-icon-1.png","contentUrl":"https:\/\/jgregstudio.com\/wp-content\/uploads\/2024\/06\/apple-touch-icon-1.png","width":180,"height":180,"caption":"jgregstudio.com"},"logo":{"@id":"https:\/\/jgregstudio.com\/#\/schema\/person\/image\/"},"sameAs":["https:\/\/jgregstudio.com","https:\/\/www.instagram.com\/jgregph\/"]}]}},"uagb_featured_image_src":{"full":["https:\/\/jgregstudio.com\/wp-content\/uploads\/2024\/06\/Toyota-Yaris-Sedan-Red-1-scaled.jpg",2560,1709,false],"thumbnail":["https:\/\/jgregstudio.com\/wp-content\/uploads\/2024\/06\/Toyota-Yaris-Sedan-Red-1-150x150.jpg",150,150,true],"medium":["https:\/\/jgregstudio.com\/wp-content\/uploads\/2024\/06\/Toyota-Yaris-Sedan-Red-1-300x200.jpg",300,200,true],"medium_large":["https:\/\/jgregstudio.com\/wp-content\/uploads\/2024\/06\/Toyota-Yaris-Sedan-Red-1-768x513.jpg",768,513,true],"large":["https:\/\/jgregstudio.com\/wp-content\/uploads\/2024\/06\/Toyota-Yaris-Sedan-Red-1-1024x684.jpg",1024,684,true],"1536x1536":["https:\/\/jgregstudio.com\/wp-content\/uploads\/2024\/06\/Toyota-Yaris-Sedan-Red-1-1536x1025.jpg",1536,1025,true],"2048x2048":["https:\/\/jgregstudio.com\/wp-content\/uploads\/2024\/06\/Toyota-Yaris-Sedan-Red-1-2048x1367.jpg",2048,1367,true],"trp-custom-language-flag":["https:\/\/jgregstudio.com\/wp-content\/uploads\/2024\/06\/Toyota-Yaris-Sedan-Red-1-scaled.jpg",18,12,false],"post-thumbnail":["https:\/\/jgregstudio.com\/wp-content\/uploads\/2024\/06\/Toyota-Yaris-Sedan-Red-1-scaled.jpg",449,300,false],"coffeebean_portfolio-main":["https:\/\/jgregstudio.com\/wp-content\/uploads\/2024\/06\/Toyota-Yaris-Sedan-Red-1-scaled.jpg",800,534,false],"coffeebean_portfolio-masonry":["https:\/\/jgregstudio.com\/wp-content\/uploads\/2024\/06\/Toyota-Yaris-Sedan-Red-1-scaled.jpg",800,534,false],"coffeebean_portfolio-footer":["https:\/\/jgregstudio.com\/wp-content\/uploads\/2024\/06\/Toyota-Yaris-Sedan-Red-1-scaled.jpg",150,100,false]},"uagb_author_info":{"display_name":"jgregstudio.com","author_link":"https:\/\/jgregstudio.com\/es\/author\/"},"uagb_comment_info":0,"uagb_excerpt":"A spectacular photo shoot that highlighted the aesthetics of the car both inside and out, the photos were amazing in this project, turning each photo into works of art that celebrate the beauty, power and engineering of Toyota. In collaboration with Grabbit Production Company.","_links":{"self":[{"href":"https:\/\/jgregstudio.com\/es\/wp-json\/wp\/v2\/portfolio\/428","targetHints":{"allow":["GET"]}}],"collection":[{"href":"https:\/\/jgregstudio.com\/es\/wp-json\/wp\/v2\/portfolio"}],"about":[{"href":"https:\/\/jgregstudio.com\/es\/wp-json\/wp\/v2\/types\/portfolio"}],"version-history":[{"count":27,"href":"https:\/\/jgregstudio.com\/es\/wp-json\/wp\/v2\/portfolio\/428\/revisions"}],"predecessor-version":[{"id":1120,"href":"https:\/\/jgregstudio.com\/es\/wp-json\/wp\/v2\/portfolio\/428\/revisions\/1120"}],"wp:featuredmedia":[{"embeddable":true,"href":"https:\/\/jgregstudio.com\/es\/wp-json\/wp\/v2\/media\/178"}],"wp:attachment":[{"href":"https:\/\/jgregstudio.com\/es\/wp-json\/wp\/v2\/media?parent=428"}],"wp:term":[{"taxonomy":"filters","embeddable":true,"href":"https:\/\/jgregstudio.com\/es\/wp-json\/wp\/v2\/filters?post=428"}],"curies":[{"name":"wp","href":"https:\/\/api.w.org\/{rel}","templated":true}]}}